{"id":1358,"date":"2022-02-18T22:03:31","date_gmt":"2022-02-18T21:03:31","guid":{"rendered":"http:\/\/www.scd.si\/slo\/?page_id=1358"},"modified":"2022-03-14T11:17:22","modified_gmt":"2022-03-14T10:17:22","slug":"volilni-obcni-zbor-2022","status":"publish","type":"page","link":"https:\/\/www.scd.si\/slo\/volilni-obcni-zbor-2022","title":{"rendered":"VOLILNI OB\u010cNI ZBOR 2022"},"content":{"rendered":"<div>Sporo\u010damo vam, da bomo imeli<\/div>\n<h2>v soboto, 26. marca 2022, ob 20.00 VOLILNI OB\u010cNI ZBOR.<\/h2>\n<p>V \u017eelji, da bi se ga lahko udele\u017eilo \u010dim ve\u010d \u010dlanov, ga bomo tudi letos organizirali preko aplikacije Zoom<em>. <\/em>Povezavo do sre\u010danja bomo objavili na spletni strani in jo poslali \u010dlanom po elektronski po\u0161ti pred za\u010detkom zbora \u010dlanov.<\/p>\n<p>Vse \u010dlane vabimo, da premislite o kandidaturi v organe dru\u0161tva. Kandidirate lahko osebno ali pa predlagate koga drugega, ki se vam zdi primeren.<br \/>\nDobrodo\u0161li \u010dlani, ki \u017eelijo aktivno sodelovati pri snovanju dru\u0161tvenega programa in so pripravljeni prevzeti konkretne naloge za njegovo izvr\u0161evanje. V svojih vrstah bi si \u017eeleli tudi osebo s poslovnimi izku\u0161njami, ki bo skrbela za dobro poslovanje dru\u0161tva.<\/p>\n<p>&nbsp;<\/p>\n<h4>Izpolnjene in podpisane obrazce za kandidaturo nam skupaj s kratkim \u017eivljenjepisom in opisom cerkveno-glasbenega delovanja po\u0161ljite po elektronski po\u0161ti do nedelje 20. marca 2022.<\/h4>\n<h3><\/h3>\n<h3><a href=\"https:\/\/www.scd.si\/slo\/wp-content\/Kandidatura-Osebna_obrazec.pdf\" target=\"_blank\" rel=\"noopener\">OBRAZEC ZA OSEBNO KANDIDATURO<\/a><\/h3>\n<h3><a href=\"https:\/\/www.scd.si\/slo\/wp-content\/Kandidatura-Predlog_obrazec.pdf\" target=\"_blank\" rel=\"noopener\">OBRAZEC ZA PREDLOG KANDIDATA<\/a><\/h3>\n","protected":false},"excerpt":{"rendered":"<p>Sporo\u010damo vam, da bomo imeli v soboto, 26. marca 2022, ob 20.00 VOLILNI OB\u010cNI ZBOR. V \u017eelji, da bi se ga lahko udele\u017eilo \u010dim ve\u010d \u010dlanov, ga bomo tudi letos organizirali preko aplikacije Zoom. Povezavo do sre\u010danja bomo objavili na spletni strani in jo poslali \u010dlanom po elektronski po\u0161ti pred za\u010detkom zbora \u010dlanov. Vse \u010dlane [&hellip;]<\/p>\n","protected":false},"author":3,"featured_media":0,"parent":0,"menu_order":0,"comment_status":"closed","ping_status":"closed","template":"","meta":[],"_links":{"self":[{"href":"https:\/\/www.scd.si\/slo\/wp-json\/wp\/v2\/pages\/1358"}],"collection":[{"href":"https:\/\/www.scd.si\/slo\/wp-json\/wp\/v2\/pages"}],"about":[{"href":"https:\/\/www.scd.si\/slo\/wp-json\/wp\/v2\/types\/page"}],"author":[{"embeddable":true,"href":"https:\/\/www.scd.si\/slo\/wp-json\/wp\/v2\/users\/3"}],"replies":[{"embeddable":true,"href":"https:\/\/www.scd.si\/slo\/wp-json\/wp\/v2\/comments?post=1358"}],"version-history":[{"count":6,"href":"https:\/\/www.scd.si\/slo\/wp-json\/wp\/v2\/pages\/1358\/revisions"}],"predecessor-version":[{"id":1377,"href":"https:\/\/www.scd.si\/slo\/wp-json\/wp\/v2\/pages\/1358\/revisions\/1377"}],"wp:attachment":[{"href":"https:\/\/www.scd.si\/slo\/wp-json\/wp\/v2\/media?parent=1358"}],"curies":[{"name":"wp","href":"https:\/\/api.w.org\/{rel}","templated":true}]}}