{"id":1779,"date":"2025-08-18T19:07:13","date_gmt":"2025-08-18T18:07:13","guid":{"rendered":"https:\/\/www.scd.si\/slo\/?page_id=1779"},"modified":"2025-11-11T21:10:51","modified_gmt":"2025-11-11T20:10:51","slug":"jubilej-cerkvenih-glasbenikov-2025","status":"publish","type":"page","link":"https:\/\/www.scd.si\/slo\/jubilej-cerkvenih-glasbenikov-2025","title":{"rendered":"JUBILEJ CERKVENIH GLASBENIKOV"},"content":{"rendered":"\n<p class=\"has-medium-font-size\">Dan slovenskih cerkvenih glasbenikov<br \/>15. november 2025<\/p>\n\n\n\n<figure class=\"wp-block-image size-large is-resized\"><a href=\"https:\/\/www.scd.si\/slo\/wp-content\/2025\/10\/jubilej-glasbenikov-plakat-2-web.pdf\" target=\"_blank\" rel=\"noreferrer noopener\"><img decoding=\"async\" loading=\"lazy\" src=\"https:\/\/www.scd.si\/slo\/wp-content\/2025\/09\/jubilej-glasbenikov-program-2-web-1024x482.jpg\" alt=\"\" class=\"wp-image-1815\" width=\"733\" height=\"345\" srcset=\"https:\/\/www.scd.si\/slo\/wp-content\/2025\/09\/jubilej-glasbenikov-program-2-web-1024x482.jpg 1024w, https:\/\/www.scd.si\/slo\/wp-content\/2025\/09\/jubilej-glasbenikov-program-2-web-300x141.jpg 300w, https:\/\/www.scd.si\/slo\/wp-content\/2025\/09\/jubilej-glasbenikov-program-2-web-768x361.jpg 768w, https:\/\/www.scd.si\/slo\/wp-content\/2025\/09\/jubilej-glasbenikov-program-2-web.jpg 1246w\" sizes=\"(max-width: 733px) 100vw, 733px\" \/><\/a><\/figure>\n\n\n\n<p class=\"has-luminous-vivid-amber-to-luminous-vivid-orange-gradient-background has-background\"><a href=\"https:\/\/www.scd.si\/slo\/wp-content\/2025\/11\/CG_Koncertna-knjizica_A5-splet.pdf\" target=\"_blank\" rel=\"noreferrer noopener\">PROGRAMSKA KNJI\u017dICA (pdf)<\/a><br \/><a href=\"https:\/\/www.scd.si\/slo\/wp-content\/2025\/11\/CG_knjizica_Molitveno-bogosluzje_A5-splet.pdf\" target=\"_blank\" rel=\"noreferrer noopener\">KNJI\u017dICA &#8211; Molitveno bogoslu\u017eje (pdf)<\/a><\/p>\n\n\n\n<p class=\"has-luminous-vivid-amber-to-luminous-vivid-orange-gradient-background has-background\"><a rel=\"noreferrer noopener\" href=\"https:\/\/forms.gle\/52mEMi8y1Tv1YfEUA\" target=\"_blank\">SPLETNA PRIJAVNICA (do 11. novembra)<\/a><\/p>\n\n\n\n<p class=\"has-luminous-vivid-amber-to-luminous-vivid-orange-gradient-background has-background\"><a rel=\"noreferrer noopener\" href=\"https:\/\/www.scd.si\/slo\/wp-content\/2025\/11\/svetoletni-koncert-web.pdf\" target=\"_blank\">SVETOLETNI KONCERT \u0160TIRIH ZBOROV (klikni za ve\u010d informacij)<br \/><em>vstop PROST tudi za zunanje udele\u017eence<\/em><\/a><\/p>\n\n\n\n<p class=\"has-luminous-vivid-amber-to-luminous-vivid-orange-gradient-background has-background\">AVTOBUSNI PREVOZI<br \/>Organizirali smo prevoz na liniji MARIBOR &#8211; CELJE &#8211; LJUBLJANA. Podrobne informacije bodo prijavljeni udele\u017eenci prejeli po elektronski po\u0161ti.<\/p>\n\n\n\n<p>SODELUJEJO:<br \/>msgr. dr.&nbsp;<strong>Jurij Bizjak<\/strong>, slavnostni govornik<br \/>dr.&nbsp;<strong>David Bandel<\/strong>j, predavatelj<br \/>dr.&nbsp;<strong>Katarina Kompan Erzar<\/strong>, predavateljica<br \/>dr. <strong>Andrej Misson<\/strong>, predavatelj<br \/><strong>Luka Gojko\u0161ek<\/strong>, orgle<br \/><strong>Luka Posavec<\/strong>, orgle<br \/><strong>Slovensko orgelsko dru\u0161tvo (Brane Ko\u0161ir, Barbara De Costa, Tja\u0161a Drovenik Adamec, Ne\u017ea Ulaga, Andreja Gole\u017e Gruden)<br \/>Vokalna skupina Voces angelorum<\/strong>, zborovodja <strong>Luka \u0160tiftar<br \/>Otro\u0161ki zbor glasbene \u0161ole v samostanu sv. Petra in Pavla na Ptuju<\/strong>, zborovodkinja <strong>Ne\u017ea Tement<br \/>Zbor MPP Ljubljana<\/strong>, zborovodkinja <strong>Ana Pu\u010dnik<br \/>Zbor sv. Nikolaja Litija<\/strong>, zborovodkinja <strong>Helena Fojkar Zupan\u010di\u010d<br \/>Komorni zbor Megaron<\/strong>, zborovodja <strong>Damijan Mo\u010dnik<\/strong><\/p>\n\n\n\n<p>***<br \/>Sveto jubilejno leto, ki ga letos obhajamo v Katoli\u0161ki cerkvi, ima po navdihu in odlo\u010ditvi sedaj<br \/>\u017ee pokojnega pape\u017ea Fran\u010di\u0161ka posebno poslanstvo: da bi se v vseh ljudeh po\u017eivilo upanje.<br \/>\u00bbBiti moramo polni upanja, da bomo verodostojno in na privla\u010den na\u010din izpri\u010devali vero in<br \/>ljubezen, ki ju nosimo v srcu, da bo vera vesela, ljubezen navdu\u0161ena \u2026\u00ab (Upanje ne<br \/>osramoti, 18). Zato se v Rimu vse leto odvijajo stanovska sre\u010danja, da bi tisti, ki jih v<br \/>vsakdanu povezuje enako delo ali podobna \u017eivljenjska izku\u0161nja, tudi skupaj obhajali delo<br \/>Bo\u017eje milosti.<br \/>V tej lu\u010di bomo v organizaciji Slovenske \u0161kofovske konference in Slovenskega Cecilijinega<br \/>dru\u0161tva tudi v Sloveniji obhajali jubilej cerkvenih glasbenikov, na katerega ste vabljeni<br \/>zborovodje, organisti, skladatelji, kantorji in pevci, ki delujete v na\u0161ih cerkvenih ob\u010destvih.<br \/>Dan slovenskih cerkvenih glasbenikov, ki ga sicer vsako leto organizira Slovensko Cecilijino<br \/>dru\u0161tvo, bo tako ume\u0161\u010deno v \u0161ir\u0161i, svetoletni okvir. Ta dogodek bo v soboto, 15. novembra<br \/>2025, z za\u010detkom zbiranja ob 8.30 v avli Zavoda sv. Stanislava v \u0160entvidu.<br \/>Najprej nas bo nagovoril upokojeni koprski \u0161kof msgr. dr. Jurij Bizjak, nato pa bo sledil prvi<br \/>koncert gregorijanskega korala pod vodstvom Luka \u0160tiftarja, ki bo pravzaprav uvodno<br \/>molitveno bogoslu\u017eje z delnim sodelovanjem navzo\u010dega ob\u010destva.<\/p>\n\n\n\n<p>Nato se bo mogo\u010de vklju\u010diti v katero od glasbenih delavnic:<br \/><strong>Gregorijanski koral danes<\/strong> \u2013 Na delavnici bomo osvetlili vlogo in pomen koralnih spevov kot<br \/>lastne glasbe katoli\u0161kega bogoslu\u017eja. Ogledali si bomo liturgi\u010dne pesmarice in druge vire, iz<br \/>katerih lahko \u010drpamo repertoar za uporabo po \u017eupnijah, ter na posameznih spevih prakti\u010dno<br \/>spoznali zakonitosti kvadratne koralne notacije in izvajalsko prakso.&nbsp;(Luka \u0160tiftar)<\/p>\n\n\n\n<p><strong>Orgle od znotraj <\/strong>&#8211; spoznavanje delovanja in vzdr\u017eevanja instrumenta. \u2013 &nbsp;Ogelska delavnica<br \/>ponuja prilo\u017enost za spoznavanje kraljice instrumentov skozi neposredno izku\u0161njo<br \/>sestavljanja prenosnih orgel&nbsp;Orglekids. Udele\u017eenci bodo korak za korakom spoznali, kako<br \/>deluje ta edinstveni instrument, ga sami sestavili iz osnovnih delov in nanj tudi zaigrali. \u2013<br \/>Drugi del delavnice bo potekal&nbsp;na velikih orglah v kapeli, kjer bo predstavljeno delovanje<br \/>ve\u010djih instrumentov, poseben poudarek pa bo namenjen tudi prakti\u010dnim nasvetom, kako<br \/>prepoznati in v nujnih primerih odpraviti manj\u0161e napake ter pomanjkljivosti, da orgle ostanejo<br \/>v brezhibnem stanju. (Slovensko orgelsko dru\u0161tvo: Brane Ko\u0161ir, Barbara De Costa, Tja\u0161a<br \/>Drovenik Adamec, Ne\u017ea Ulaga, Andreja Gole\u017e Gruden)<\/p>\n\n\n\n<p><strong>Delavnica za me\u0161ane zbore<\/strong> \u2013 Kako zbor res dobro zazveni? Na delavnici bomo raziskovali<br \/>u\u010dinkovito upevanje, oblikovanje zborovskega zvoka in izbiro primernega repertoarja.<br \/>(Helena Fojkar Zupan\u010di\u010d)<\/p>\n\n\n\n<p><strong>Izvajanje duhovno ritmi\u010dne glasbe<\/strong> \u2013 \u00bbNa kor prinesite le pet hlebov in dve ribi. Kitare<br \/>imamo mi. \u2013 Vsak prinese in\u0161trument, ki ga ima, dobrodo\u0161el tudi kak pevec. Ampak band bo<br \/>\u2013 kaj pa zdaj?\u00ab Na delavnici o izvajanju duhovno-ritmi\u010dne glasbe bomo iskali pot, ki nas bo<br \/>pripeljala do odgovora na vpra\u0161anje, kako pripraviti aran\u017ema benda ter kako se rokovati z<br \/>izbiro mladinskih pesmi, ki jih imamo v slovenskem prostoru. Glavno vodilo bo, da sledimo<br \/>Lepemu, ki povzdiguje. (Ana Pu\u010dnik)<\/p>\n\n\n\n<p><strong>Delo z otro\u0161kimi zbori<\/strong> \u2013 Glasba, igre in pedago\u0161ki pristopi za spodbujanje muzikalnosti<br \/>otrok. Kako razvijati pevske ve\u0161\u010dine skozi zabavne in interaktivne metode, ki otrokom<br \/>pribli\u017eajo zborovsko petje kot radostno skupinsko izku\u0161njo? (Ne\u017ea Tement)<\/p>\n\n\n\n<p>Opoldne bomo <strong>prisluhnili orgelskemu koncertu<\/strong> dveh mladih organistov: Luka Posavca in<br \/>Luka Gojko\u0161ka. Sledilo bo dru\u017eenje ob skupnem kosilu. Po njem bo okrogla miza pri kateri<br \/>bomo spregovorili o glasbi kot mo\u010dnem evangelizacijskem sredstvu, ki \u010dloveka pripravlja za<br \/>sprejem resni\u010dnega upanja. Z nami bodo: dr. David Bandelj, dr. Katarina Kompan Erzar ter<br \/>msgr. dr. Jurij Bizjak.<\/p>\n\n\n\n<p>Nato se bomo preselili v svetoletno cerkev, <strong>stolnico sv. Nikolaja v Ljubljani<\/strong>, kjer bo zaklju\u010dni<br \/><strong>svetoletni koncert<\/strong>. Nastopili bodo: Otro\u0161ki pevski zbor Zasebneglasbene \u0161ole v samostanu s. Petra in Pavla na Ptuju pod vodstvom Ne\u017ee Tement, Zbor MPP pod vodstvom Ane Pu\u010dnik, Komorni zbor<br \/>Megaron pod vodstvom Damijana Mo\u010dnika ter Zbor sv. Nikolaja Litija pod vodstvom Helene<br \/>Fojkar Zupan\u010di\u010d.<\/p>\n\n\n\n<p><strong><a href=\"https:\/\/forms.gle\/52mEMi8y1Tv1YfEUA\" target=\"_blank\" rel=\"noreferrer noopener\">Zaradi organizacije dogodka so potrebne prijave, ki jih zbiramo do 5. novembra preko<br \/>spletnega obrazca na spletni strani (spodaj) ali preko e-po\u0161te: jubilej2025@gmail.com.<\/a><\/strong><br \/>Kotizacija, s katero bomo pokrili osnovne stro\u0161ke, zna\u0161a 10 \u20ac. \u010ce bo dovolj prijav, bomo<br \/>organizirali avtobusne prevoze iz posameznih \u0161kofij, stro\u0161ek pa bodo (ve\u010dinoma) pokrile<br \/>\u0161kofije.<br \/>\u017delimo si, da bi nas ta dogodek globlje povezal med seboj v iskreni naklonjenosti in<br \/>pripravljenosti za nadaljnje sodelovanje in slu\u017eenje v Cerkvi.<\/p>\n\n\n\n<p><br \/><strong>s. Bo\u017eena Kutnar<\/strong><br \/><em>Narodna delegatka za sveto jubilejno leto 2025 pri S\u0160K<\/em><br \/><strong>Simon Jager<\/strong><br \/><em>Predsednik Slovenskega Cecilijinega dru\u0161tva<\/em><\/p>\n\n\n\n<hr class=\"wp-block-separator has-alpha-channel-opacity\"\/>\n\n\n\n<p class=\"has-white-background-color has-background\"><\/p>\n","protected":false},"excerpt":{"rendered":"<p>Dan slovenskih cerkvenih glasbenikov15. november 2025 PROGRAMSKA KNJI\u017dICA (pdf)KNJI\u017dICA &#8211; Molitveno bogoslu\u017eje (pdf) SPLETNA PRIJAVNICA (do 11. novembra) SVETOLETNI KONCERT \u0160TIRIH ZBOROV (klikni za ve\u010d informacij)vstop PROST tudi za zunanje udele\u017eence AVTOBUSNI PREVOZIOrganizirali smo prevoz na liniji MARIBOR &#8211; CELJE &#8211; LJUBLJANA. Podrobne informacije bodo prijavljeni udele\u017eenci prejeli po elektronski po\u0161ti. SODELUJEJO:msgr. dr.&nbsp;Jurij Bizjak, slavnostni [&hellip;]<\/p>\n","protected":false},"author":3,"featured_media":0,"parent":0,"menu_order":0,"comment_status":"closed","ping_status":"closed","template":"","meta":[],"_links":{"self":[{"href":"https:\/\/www.scd.si\/slo\/wp-json\/wp\/v2\/pages\/1779"}],"collection":[{"href":"https:\/\/www.scd.si\/slo\/wp-json\/wp\/v2\/pages"}],"about":[{"href":"https:\/\/www.scd.si\/slo\/wp-json\/wp\/v2\/types\/page"}],"author":[{"embeddable":true,"href":"https:\/\/www.scd.si\/slo\/wp-json\/wp\/v2\/users\/3"}],"replies":[{"embeddable":true,"href":"https:\/\/www.scd.si\/slo\/wp-json\/wp\/v2\/comments?post=1779"}],"version-history":[{"count":25,"href":"https:\/\/www.scd.si\/slo\/wp-json\/wp\/v2\/pages\/1779\/revisions"}],"predecessor-version":[{"id":1867,"href":"https:\/\/www.scd.si\/slo\/wp-json\/wp\/v2\/pages\/1779\/revisions\/1867"}],"wp:attachment":[{"href":"https:\/\/www.scd.si\/slo\/wp-json\/wp\/v2\/media?parent=1779"}],"curies":[{"name":"wp","href":"https:\/\/api.w.org\/{rel}","templated":true}]}}