{"id":73,"date":"2009-03-01T14:42:49","date_gmt":"2009-03-01T13:42:49","guid":{"rendered":"http:\/\/www.scd.si\/slo\/?page_id=73"},"modified":"2024-05-11T17:31:23","modified_gmt":"2024-05-11T16:31:23","slug":"dscg","status":"publish","type":"page","link":"https:\/\/www.scd.si\/slo\/dejavnosti\/dscg","title":{"rendered":"Dan slovenskih cerkvenih glasbenikov"},"content":{"rendered":"<p>Dan slovenskih cerkvenih glasbenikov 2023<\/p>\n<p><img decoding=\"async\" loading=\"lazy\" class=\"alignnone wp-image-1671\" src=\"https:\/\/www.scd.si\/slo\/wp-content\/2024\/05\/Dan_SCG_2023_v3_program-1-1.png\" alt=\"\" width=\"532\" height=\"746\" srcset=\"https:\/\/www.scd.si\/slo\/wp-content\/2024\/05\/Dan_SCG_2023_v3_program-1-1.png 2552w, https:\/\/www.scd.si\/slo\/wp-content\/2024\/05\/Dan_SCG_2023_v3_program-1-1-214x300.png 214w, https:\/\/www.scd.si\/slo\/wp-content\/2024\/05\/Dan_SCG_2023_v3_program-1-1-730x1024.png 730w, https:\/\/www.scd.si\/slo\/wp-content\/2024\/05\/Dan_SCG_2023_v3_program-1-1-768x1077.png 768w, https:\/\/www.scd.si\/slo\/wp-content\/2024\/05\/Dan_SCG_2023_v3_program-1-1-1095x1536.png 1095w, https:\/\/www.scd.si\/slo\/wp-content\/2024\/05\/Dan_SCG_2023_v3_program-1-1-1460x2048.png 1460w\" sizes=\"(max-width: 532px) 100vw, 532px\" \/><\/p>\n<p>&nbsp;<\/p>\n<p>Dan slovenskih cerkvenih glasbenikov 2022<br \/>\n<a href=\"https:\/\/www.scd.si\/slo\/wp-content\/2022\/10\/Dan_SCG_2022_v07_web.pdf\" target=\"_blank\" rel=\"noopener\"><img decoding=\"async\" loading=\"lazy\" class=\"alignnone size-full wp-image-1550\" src=\"https:\/\/www.scd.si\/slo\/wp-content\/2022\/10\/Dan_SCG_2022_v07_web-1-e1666722886456.jpg\" alt=\"\" width=\"530\" height=\"749\" srcset=\"https:\/\/www.scd.si\/slo\/wp-content\/2022\/10\/Dan_SCG_2022_v07_web-1-e1666722886456.jpg 530w, https:\/\/www.scd.si\/slo\/wp-content\/2022\/10\/Dan_SCG_2022_v07_web-1-e1666722886456-212x300.jpg 212w\" sizes=\"(max-width: 530px) 100vw, 530px\" \/><\/a><br \/>\nZa ve\u010djo sliko klikni.<\/p>\n<h2>Dan slovenskih cerkvenih glasbenikov 2021<\/h2>\n<p><a href=\"https:\/\/www.scd.si\/slo\/wp-content\/Dan_SCG_2021_program2.pdf\"><img decoding=\"async\" loading=\"lazy\" class=\"alignnone wp-image-1337\" src=\"https:\/\/www.scd.si\/slo\/wp-content\/Dan_SCG_2021_program2.jpg\" alt=\"\" width=\"530\" height=\"749\" srcset=\"https:\/\/www.scd.si\/slo\/wp-content\/Dan_SCG_2021_program2.jpg 2481w, https:\/\/www.scd.si\/slo\/wp-content\/Dan_SCG_2021_program2-212x300.jpg 212w, https:\/\/www.scd.si\/slo\/wp-content\/Dan_SCG_2021_program2-768x1086.jpg 768w, https:\/\/www.scd.si\/slo\/wp-content\/Dan_SCG_2021_program2-724x1024.jpg 724w\" sizes=\"(max-width: 530px) 100vw, 530px\" \/><\/a><br \/>\nZa ve\u010djo sliko klikni.<\/p>\n<h2>Dan slovenskih cerkvenih glasbenikov 2020<\/h2>\n<p><a href=\"https:\/\/www.scd.si\/slo\/wp-content\/Dan_SCG_2020_vabilo_prestavljeno.pdf\"><img decoding=\"async\" loading=\"lazy\" class=\"alignnone wp-image-1259\" src=\"https:\/\/www.scd.si\/slo\/wp-content\/Dan_SCG_2020_vabilo_prestavljeno-e1604638487272.jpg\" alt=\"\" width=\"538\" height=\"762\" \/><\/a><\/p>\n<p>Za ve\u010djo sliko klikni.<\/p>\n<h2>Dan slovenskih cerkvenih glasbenikov 2019<\/h2>\n<p><a href=\"https:\/\/www.scd.si\/slo\/wp-content\/DSCG-2019-Vabilo_web_2019.pdf\"><img decoding=\"async\" loading=\"lazy\" class=\"alignnone wp-image-1123\" src=\"https:\/\/www.scd.si\/slo\/wp-content\/DSCG-2019-Vabilo_FB_2019.jpg\" alt=\"\" width=\"531\" height=\"279\" srcset=\"https:\/\/www.scd.si\/slo\/wp-content\/DSCG-2019-Vabilo_FB_2019.jpg 1200w, https:\/\/www.scd.si\/slo\/wp-content\/DSCG-2019-Vabilo_FB_2019-300x158.jpg 300w, https:\/\/www.scd.si\/slo\/wp-content\/DSCG-2019-Vabilo_FB_2019-768x404.jpg 768w, https:\/\/www.scd.si\/slo\/wp-content\/DSCG-2019-Vabilo_FB_2019-1024x538.jpg 1024w\" sizes=\"(max-width: 531px) 100vw, 531px\" \/><\/a><\/p>\n<p>Za vsebino DSCG klikni na zgornjo sliko.<\/p>\n<h2>Dan slovenskih cerkvenih glasbenikov 2018<\/h2>\n<p><a href=\"https:\/\/www.scd.si\/slo\/wp-content\/2018-DSCG-plakat.jpg\"><img decoding=\"async\" loading=\"lazy\" class=\"alignnone wp-image-1030\" src=\"https:\/\/www.scd.si\/slo\/wp-content\/2018-DSCG-plakat-724x1024.jpg\" alt=\"\" width=\"526\" height=\"744\" srcset=\"https:\/\/www.scd.si\/slo\/wp-content\/2018-DSCG-plakat-724x1024.jpg 724w, https:\/\/www.scd.si\/slo\/wp-content\/2018-DSCG-plakat-212x300.jpg 212w, https:\/\/www.scd.si\/slo\/wp-content\/2018-DSCG-plakat-768x1086.jpg 768w, https:\/\/www.scd.si\/slo\/wp-content\/2018-DSCG-plakat.jpg 1754w\" sizes=\"(max-width: 526px) 100vw, 526px\" \/><\/a><\/p>\n<h2>Dan slovenskih cerkvenih glasbenikov 2017<\/h2>\n<p><strong>Celje \u2013 <em>Dom sv. Jo\u017eef \u2013 Orglarska \u0161ola<\/em> \u2013 sobota, 25. novembra 2017 <\/strong><\/p>\n<p>Spo\u0161tovane \u010dlanice, spo\u0161tovani \u010dlani Slovenskega Cecilijinega dru\u0161tva, drage kolegice in kolegi, \u010dlanice in \u010dlane, druge slovenske organistke in organiste, zborovodkinje in zborovodje, slu\u0161atelje slovenskih orgelskih \u0161ol, \u0161tudente glasbe, cerkvene pevce in ljubitelje cerkvene glasbe ter vse tiste somi\u0161ljenike, ki \u0161e niso \u010dlani na\u0161ega dru\u0161tva, vabimo da se v soboto 25. novembra v Celju pri sv. Jo\u017eefu skupaj udele\u017eimo tradicionalnega letnega strokovnega sre\u010danja dru\u0161tva, <em>Dneva slovenskih cerkvenih glasbenikov 2017<\/em>.<\/p>\n<p><em>Slovensko Cecilijino dru\u0161tvo<\/em><\/p>\n<p><strong>Spored<\/strong><\/p>\n<p>08:30\u201309:00 \u2013 Prihod in vpis<br \/>\n09:00\u201309:30 \u2013 Uvod in pozdrav gostiteljev<br \/>\n09:30\u201310:00 \u2013 <strong><em>Orglarska \u0161ola sv. Jo\u017eef \u2013 Dan odprtih vrat, Pevska delavnica<\/em><\/strong> \u2013 plenum (Klara Maljuga)<br \/>\n10:00\u201310:30 \u2013 <strong><em>Glasbena teorija s solfeggiom I<\/em><\/strong> (Jasna Kapun) \u2013 obisk pouka \u2013 ali\/in<em> <strong>Harmonija \u2013 kontrapunkt<\/strong> <\/em>(Klara Maljuga) \u2013 obisk pouka<br \/>\n10:30\u201311:00 \u2013 <strong><em>Prispevek cerkvenega glasbenika v skupni blagor o\u017ejega in \u0161ir\u0161ega ob\u010destva<br \/>\n<\/em><\/strong>predavanje (Ivan Florjanc)<br \/>\n11:00\u201311:30 \u2013 Odmor s kavo<br \/>\n11:30\u201312:40 \u2013 <strong><em>Glasbeniki v slovenski cerkveni glasbi, pomen povezovanja, vloga SCD<\/em><em><br \/>\n<\/em><\/strong>posvet (Milan Jevnikar)<br \/>\n12:40\u201313:00 \u2013 <strong><em>Vredno in uporabno \u2013 nekaj kanonov<\/em><\/strong> (vodja naknadno)13:00\u201314:00 \u2013 Odmor za kosilo<br \/>\n14:00\u201314:40 \u2013 <strong><em>Orglarska \u0161ola sv. Jo\u017eef \u2013 Cerkvena glasba pri sv. Jo\u017eefu<\/em><\/strong> (Miha Lokov\u0161ek)<em>, <strong>15 let \u0160ole za cerkveno glasbo Murska Sobota<\/strong> <\/em>(Mitja Medved)<br \/>\n14:45\u201315:30 \u2013 <strong><em>Nova cerkvena pesmarica \u2013<\/em><\/strong> (Matej Podsten\u0161ek)<br \/>\n15:30\u201316:00 \u2013 Odmor s kavo<br \/>\n16:00 \u00a0\u00a0\u00a0 \u00a0\u00a0\u00a0\u00a0\u00a0\u00a0 \u2013 <strong><em>Koncert <\/em><\/strong>skladb S. Premrla, E. Komela, U. Kreka, A. Mava idr. (<em>Fantje z Jo\u017eefovega hriba<\/em>, slu\u0161atelja orglarskih \u0161ol iz Celja in Murske Sobote, \u0161tudentje Oddelka za sakralno glasbo Akademije za glasbo Univerze v Ljubljani)<br \/>\nPo koncertu \u2013 Sklep in slovo<\/p>\n<p>Prireditelj si pridr\u017euje pravico do spremembe sporeda.<\/p>\n<p><strong><a href=\"https:\/\/www.scd.si\/slo\/wp-content\/uploads\/DSCG-2017-Prijavnica-Splet.docx\">Prijavnica<\/a><\/strong><\/p>\n<p><strong>Prijavite se do vklju\u010dno torka 21. novembra <\/strong>z navadno ali e-po\u0161to na naslov dru\u0161tva oz. <a href=\"mailto:info@scd.si\">info@scd.si<\/a>.<\/p>\n<p><strong>Prijavnina<\/strong> za udele\u017ebo na DSCG 2017 zna\u0161a 25 evrov za \u010dlane in 35 evrov za udele\u017eence, ki \u0161e niste \u010dlani dru\u0161tva. Vklju\u010duje udele\u017ebo, gradiva ter kosilo in okrep\u010dilo med odmori. Prijavnino poravnate v gotovini ob prihodu.<\/p>\n<p><strong>Informacije<\/strong><br \/>\n<em>info@scd.si<br \/>\n<\/em>031.879281<\/p>\n<p><strong><em>Dan slovenskih cerkvenih glasben<\/em><\/strong><strong><em>ikov 2017 so omogo\u010dili<br \/>\n<\/em><\/strong><em>Slovensko Cecilijino dru\u0161tvo<br \/>\nJavni sklad Republike Slovenije za kulturo<br \/>\nDom sv. Jo\u017eef Celje<\/em><\/p>\n<p>&nbsp;<\/p>\n<h2>Dan slovenskih cerkvenih glasbenikov 2016<\/h2>\n<p><strong>Bistrica na Zilji (Koro\u0161ka\/Avstrija) \u2013 petek, 18., in sobota, 19. novembra 2016 <\/strong><\/p>\n<p>Vabimo \u010dlanice in \u010dlane dru\u0161tva, druge slovenske organistke in organiste, zborovodkinje in zborovodje, slu\u0161atelje slovenskih orgelskih \u0161ol, \u0161tudente glasbe, cerkvene pevce in ljubitelje cerkvene glasbe ter vse tiste somi\u0161ljenike, ki \u0161e niso \u010dlani na\u0161ega dru\u0161tva.<\/p>\n<p>V sodelovanju z Hotelom Stara Po\u0161ta iz Bistrice na Zilji, Slovenskih prosvetnim dru\u0161tvo Zila in s pomo\u010djo Javnega sklada RS za kulturne dejavnosti se bomo na leto\u0161njem strokovnem sre\u010danju sre\u010dali tudi z na\u0161imi rojaki cerkvenimi glasbeniki ter njihovim izro\u010dilom in delom. Spoznali bomo utrip cerkvene glasbe na Tromeji ter vpra\u0161anja in probleme, s katerimi se pri svojem pomembnem narodnem in kulturnem poslanstvu sre\u010dujejo. Z na\u0161o \u0161tevilno udele\u017ebo na tradicionalno zanimivem strokovnem sre\u010danju bomo izkazali podporo slovenskim glasbenikom na Koro\u0161kem in v Kanalski dolini, ki s svojim delom tudi v cerkveni glasbi ohranjajo slovensko cerkveno glasbo, jezik in kulturo.<\/p>\n<p><strong>Prijavite se takoj,<\/strong> z elektronsko po\u0161to, po faksu ali z navadno po\u0161to, <strong>najkasneje do torka, 15. novembra<\/strong>.<\/p>\n<p><em>Slovensko Cecilijino dru\u0161tvo<\/em><\/p>\n<p><strong>\u00a0SPORED<\/strong><\/p>\n<p><strong><em>Petek, 18. novembra <\/em><\/strong><\/p>\n<p><strong>15:30<\/strong> \u2013 odhod avtobusa iz Ljubljane (parkiri\u0161\u010de Zavoda sv. Stanislava, \u0160tula 23, Ljubljana; o postajah na poti po prejemu prijav)<\/p>\n<p><strong>17:30<\/strong> \u2013 prihod v Bistico (Hotel <em>Stara Po\u0161ta<\/em>, sprejem, registracija, nastanitev)<\/p>\n<p><strong>18:30<\/strong> \u2013 ve\u010derja<\/p>\n<p><strong>20:00<\/strong> \u2013 <strong><em>Koncert pred godom sv. Cecilije<\/em><\/strong> (cerkveni zbori iz Bistrice, Brda, Kranjske Gore, Ukev in \u017dabnic ter organisti)<\/p>\n<p><strong>po koncertu<\/strong> \u2013 prijateljsko sre\u010danje<\/p>\n<p>\u2013 No\u010ditev.<\/p>\n<p><strong><em>Sobota, 19. novembra<\/em><\/strong><\/p>\n<p><strong>08:00\u201309:00<\/strong> \u2013 zajtrk<\/p>\n<p><strong>09:00<\/strong> \u00a0 \u00a0\u00a0\u00a0\u00a0\u00a0\u00a0\u00a0\u00a0\u00a0\u2013 <strong><em>Uvod in pozdravi<\/em><\/strong><\/p>\n<p><strong>09:15\u201309:45<\/strong> \u2013 <strong><em>Rate\u0161ki\/Celov\u0161ki rokopis<\/em><\/strong> (I. Florjanc)<\/p>\n<p><strong>09:45\u201310:15<\/strong> \u2013 <strong><em>Koro\u0161ke cerkvene pesmarice<\/em><\/strong> (predavatelj naknadno)<\/p>\n<p><strong>10:15\u201310:45<\/strong> \u2013 <strong><em>Nove glasbene izdaje \u2013 Vrab\u010deva pesmarica<\/em><\/strong> (M. Tav\u010dar, J. Ban, ) \/ <strong><em>Opus Emila Komela<\/em><\/strong> (I. Florjanc, D. Bertinazzi)<\/p>\n<p><strong>10:45\u201311.15<\/strong> \u2013 odmor s kavo<\/p>\n<p><strong>11:45\u201312:45<\/strong> \u2013 <strong><em>Zborovodska delavnica<\/em><\/strong> (Vrabec, Komel, koro\u0161ke cerkvene pesmi, Ga\u0161per\u0161i\u010d, Florjanc; vodje naknadno)<\/p>\n<p><strong>13:00\u201314:00<\/strong> \u2013 kosilo<\/p>\n<p><strong>14:00\u201314:30<\/strong> \u2013 <strong><em>Slovenska cerkvena glasba na Koro\u0161kem<\/em><\/strong> (predavatelj\u00a0 naknadno)<\/p>\n<p><strong>14.30\u201315:30<\/strong> \u2013 <strong><em>Nova cerkvena pesmarica<\/em><\/strong> (M. Podsten\u0161ek)<\/p>\n<p><strong>15:30\u201316:00<\/strong> \u2013 odmor s kavo<\/p>\n<p><strong>16:00\u201316:30<\/strong> \u2013 <strong><em>Stari ziljski obi\u010daji<\/em><\/strong> (P. Druml)<\/p>\n<p><strong>16:30\u201317:00<\/strong> \u2013 <strong><em>Vrednotenje in kategorizacija najdragocenej\u0161ih slovenskih orgel<\/em><\/strong> (J. Dobravec)<\/p>\n<p><strong>17:00\u201317:30<\/strong> \u2013 <strong><em>Pogovor, sklep in slovo<\/em><\/strong><\/p>\n<p>17:00\u00a0\u00a0\u00a0\u00a0\u00a0\u00a0\u00a0\u00a0\u00a0\u00a0\u00a0\u00a0 \u2013 povratek v Ljubljano<\/p>\n<p><em>V \u010dasu prireditve prodajna razstava muzikalij.<\/em><\/p>\n<p>Prireditelj si pridr\u017euje pravico do spremembe sporeda.<\/p>\n<p>&nbsp;<\/p>\n<p><strong><em>PRIJAVNINA <\/em><\/strong><\/p>\n<p><strong>Petek in sobota<\/strong><\/p>\n<p>\u010clani SCD<strong> \u00a0\u00a0\u00a0\u00a0 70.- eur \u00a0\u00a0\u00a0\u00a0\u00a0\u00a0\u00a0\u00a0\u00a0\u00a0\u00a0\u00a0\u00a0\u00a0\u00a0\u00a0\u00a0\u00a0\u00a0\u00a0\u00a0\u00a0\u00a0\u00a0\u00a0\u00a0\u00a0\u00a0\u00a0\u00a0\u00a0\u00a0 <\/strong>Udele\u017eba, gradivo, preno\u010di\u0161\u010de, 3 obroki<\/p>\n<p>Ne\u010dlani<strong>\u00a0\u00a0\u00a0\u00a0\u00a0\u00a0\u00a0\u00a0\u00a0\u00a0 75.- eur\u00a0\u00a0\u00a0\u00a0\u00a0\u00a0\u00a0\u00a0\u00a0\u00a0 <\/strong>\u00a0\u00a0\u00a0\u00a0\u00a0\u00a0\u00a0\u00a0\u00a0\u00a0\u00a0\u00a0\u00a0\u00a0\u00a0\u00a0\u00a0\u00a0\u00a0\u00a0\u00a0\u00a0\u00a0 Udele\u017eba, gradivo, preno\u010di\u0161\u010de, 3 obroki<\/p>\n<p>Dopla\u010dilo za enoposteljno sobo: 5.- eur.<\/p>\n<p>Pri obrokih pija\u010da in\/ali sladica v prijavnino nista vklju\u010deni.<\/p>\n<p>Prispevek za prevoz, ki ga boste poravnali med prevozom, bo odvisen od \u0161tevila udele\u017eencev.<\/p>\n<p><strong>Petek in sobota brez preno\u010di\u0161\u010da<\/strong><\/p>\n<p>\u010clani SCD\u00a0\u00a0\u00a0\u00a0\u00a0 <strong>45.- eur<\/strong>\u00a0\u00a0\u00a0\u00a0\u00a0\u00a0\u00a0\u00a0\u00a0\u00a0\u00a0\u00a0\u00a0\u00a0\u00a0\u00a0\u00a0\u00a0\u00a0\u00a0\u00a0\u00a0\u00a0\u00a0\u00a0\u00a0\u00a0\u00a0\u00a0\u00a0\u00a0\u00a0\u00a0 Udele\u017eba, gradivo, ve\u010derja in kosilo<\/p>\n<p>Ne\u010dlani\u00a0\u00a0\u00a0\u00a0\u00a0\u00a0\u00a0\u00a0\u00a0\u00a0 <strong>50.- eur<\/strong>\u00a0\u00a0\u00a0\u00a0\u00a0\u00a0\u00a0\u00a0\u00a0\u00a0\u00a0\u00a0\u00a0\u00a0\u00a0\u00a0\u00a0\u00a0\u00a0\u00a0\u00a0\u00a0\u00a0\u00a0\u00a0\u00a0\u00a0\u00a0\u00a0\u00a0\u00a0\u00a0\u00a0 Udele\u017eba, gradivo, ve\u010derja in kosilo<\/p>\n<p><strong>Enodnevna udele\u017eba \u2013 petek ali sobota<\/strong><\/p>\n<p>\u010clani in ne\u010dlani\u00a0\u00a0\u00a0\u00a0\u00a0\u00a0\u00a0\u00a0\u00a0\u00a0 <strong>30.- eur<\/strong>\u00a0\u00a0\u00a0\u00a0\u00a0\u00a0\u00a0\u00a0\u00a0\u00a0\u00a0\u00a0\u00a0\u00a0\u00a0\u00a0\u00a0\u00a0\u00a0\u00a0\u00a0 Udele\u017eba, gradivo, ve\u010derja ali kosilo<\/p>\n<p>Prijavnino poravnate ob vpisu. \u010ce \u0161e niste \u010dlanica\/\u010dlan Slovenskega Cecilijinega dru\u0161tva, boste to lahko postali. Prijavnina za udele\u017eence ne\u010dlane, ki bodo \u010dlani dru\u0161tva postali na prireditvi, je enaka prijavnini za \u010dlane. Poskrbljeno bo za skupen prevoz iz Ljubljane (parkiri\u0161\u010de Zavoda sv. Stanislava, \u0160tula 23, Ljubljana), o &#8216;postajah&#8217; na Gorenjskem Vas bomo obvestili po zaklju\u010dku prijav.<\/p>\n<p><strong><em>Informacije in prijave<\/em><\/strong><\/p>\n<p>Slovensko Cecilijino dru\u0161tvo, \u0160tula 23, 1210 Ljubljana \u2013 \u0160entvid<br \/>\nF. 01.512106<br \/>\n<a href=\"mailto:info@scd.si\">info@scd.si<br \/>\n<\/a>M. 031.879281, iz Italije in Avstrije + 386.31.879281<\/p>\n<p><strong>Dan slovenskih cerkvenih glasbenikov 2016 so omogo\u010dili<\/strong><\/p>\n<p>Slovensko Cecilijino dru\u0161tvo<br \/>\nJavni sklad RS za kulturne dejavnosti<br \/>\nHotel Stara Po\u0161ta \u2013 Bistrica na Zilji<br \/>\nSlovensko prosvetno dru\u0161tvo Zila<\/p>\n<p><strong><a href=\"https:\/\/www.scd.si\/slo\/wp-content\/DSCG-2016-Prijavnica-Splet-2.docx\">Prijavnica<\/a><br \/>\n<\/strong><\/p>\n<p>&nbsp;<\/p>\n<h2>Dan slovenskih cerkvenih glasbenikov 2015<\/h2>\n<p><strong>Sti\u010dna, Cistercijanska opatija \u2013 \u017dupnija Sti\u010dna, sobota 14. novembra 2015<\/strong><\/p>\n<p>Slovensko Cecilijino dru\u0161tvo v sodelovanju s Cistercijansko opatijo in \u017dupnijo sti\u010dna vabi \u010dlanice in \u010dlane, zborovodkinje in zborovodje, organistke in organiste ter druge kolegice in kolege glasbenice in glasbenike, da se udele\u017eite <strong>Dneva slovenskih cerkvenih glasbenikov 2015<\/strong>, ki bo v <strong>soboto 14. novembra v prostorih Cistercijanske opatije in \u017dupnije Sti\u010dna, Sti\u010dna 17.<\/strong><\/p>\n<p>&nbsp;<\/p>\n<p><strong>Sodelujejo <\/strong><\/p>\n<p>opat p. Janez Novak<\/p>\n<p>\u017eupnik p. Maksimiljan File<\/p>\n<p>dr. Jurij Snoj<\/p>\n<p>Jo\u017ee Faganel<\/p>\n<p>Damijan Mo\u010dnik<\/p>\n<p>Franc \u010cerneli\u010d<\/p>\n<p>Jurij Dobravec<\/p>\n<p>Chorus Sitticiensis<\/p>\n<p>Milan Hib\u0161er<\/p>\n<p>&nbsp;<\/p>\n<p><strong>Vsebina<\/strong><\/p>\n<p>&#8211; Gregorijanski koral na Slovenskem<\/p>\n<p>&#8211; Nova cerkvena pesmarica<\/p>\n<p>&#8211; Pozabljena ma\u0161a, novi ma\u0161ni spevi, popularne cerkvene pesmi z orglami, nova bo\u017ei\u010dna pesmarica<\/p>\n<p>&#8211; Muzej kr\u0161\u010danstva<\/p>\n<p>&#8211; Zgodba s Podbo\u010dja<\/p>\n<p>&#8211; Ars Organi Sloveniae<\/p>\n<p>&#8211; Sti\u0161ka orgelski pozitiv in orgle<\/p>\n<p>&#8211; Razstava muzikalij<\/p>\n<p>&#8211; Koncert<\/p>\n<p>&nbsp;<\/p>\n<p><strong><a href=\"https:\/\/www.scd.si\/slo\/wp-content\/DSCG-2015-Urnik.docx\">Urnik<\/a><\/strong><\/p>\n<p>08:30\u201309:00 \u2013 Sprejem udele\u017eencev<\/p>\n<p>09:00\u201309:30 \u2013 <em>Uvod<\/em> \u2013 M. Jevnikar \u2013 <em>Pozdrav gostiteljev<\/em> \u2013 opat p. Janez Novak, \u017eupnik p. Maksimiljan File<\/p>\n<p>09:30\u201310:15 \u2013 <em>Gregorijasnki koral na slovenskem <\/em>\u2013 dr. Jurij Snoj, ZRC SAZU<\/p>\n<p>10:15\u201311:00 \u2013 <em>Nova cerkvena pesmarica<\/em> \u2013 Jo\u017ee Faganel, Celjska Mohorjeva<\/p>\n<p>11:00\u201311:30 \u2013 Odmor s kavo<\/p>\n<p>11:30\u201313:00 \u2013 <em>Zborovodska delavnica<\/em> (F. Kimovec: Missa i. h. S. Caeciliae; D. Mo\u010dnik, Ma\u0161ni spevi; popularne cerkvene pesmi \u2013 z orglami?; nova bo\u017ei\u010dna pesmarica) \u2013 Damijan Mo\u010dnik<\/p>\n<p>13:00\u201314:00 \u2013 Odmor za kosilo<\/p>\n<p>14:00\u201314:45 \u2013 <em>Muzej kr\u0161\u010danstva<\/em> \u2013 voden ogled<\/p>\n<p>15:00\u201315:30 \u2013 <em>Zgodba s Podbo\u010dja<\/em> \u2013 Franc \u010cerneli\u010d<\/p>\n<p>15:30\u201316:00 \u2013 <em>Ars Organi Sloveniae <\/em> \u2013 Jurij Dobravec<\/p>\n<p>16:00\u201316:30 \u2013 Odmor s kavo<\/p>\n<p>16:30\u201317:00 \u2013 <em>Sti\u0161ka pozitiv<\/em> (opatova kapela) <em>in orgle<\/em> (bazilika) \u2013 Jurij Dobravec<\/p>\n<p>17:00\u2013l7:45 \u2013 <em>Koncert<\/em> \u2013 <em>Chorus Sitticensis<\/em>, Luka Posavec; Milan Hib\u0161er \u2013 orgle<\/p>\n<p>Po koncertu \u2013 Sklep in slovo<\/p>\n<p><strong>Prijavnina<\/strong> zna\u0161a 30.- EUR z \u010dlanice in \u010dlane ter 40.- EUR za tiste, ki \u0161e niste \u010dlani dru\u0161tva. Vklju\u010duje udele\u017ebo, gradiva, vstopnino in kosilo.<br \/>\n<strong>Prijavite se<\/strong> z e-po\u0161to ali z navadno po\u0161to najkasneje <strong>do vklju\u010dno srede 11. novembra<\/strong>.<\/p>\n<p>&nbsp;<\/p>\n<p><strong><a href=\"https:\/\/www.scd.si\/slo\/wp-content\/DSCG-2015-Prijavnica.docx\">Prijavnica<br \/>\n<\/a><\/strong><\/p>\n<p>&nbsp;<\/p>\n<p><strong>Informacije<\/strong><\/p>\n<p><a href=\"mailto:info@scd.si\">info@scd.si<\/a><\/p>\n<p>031.879281<\/p>\n<p>&nbsp;<\/p>\n<p><strong>Dan slovenskih cerkvenih glasbenikov 2015 so omogo\u010dili:<\/strong><\/p>\n<p>Slovensko Cecilijino dru\u0161tvo<\/p>\n<p>Javni sklad RS za kulturne dejavnosti<\/p>\n<p>Cistercijanska opatija Sti\u010dna<\/p>\n<p>\u017dupnija Sti\u010dna<\/p>\n<p>Zalo\u017eba Dru\u017eina<\/p>\n<p>&nbsp;<\/p>\n<p>Slovensko Cecilijino dru\u0161tvo si pridr\u017euje pavico do spremembe sporeda.<\/p>\n<p>&nbsp;<\/p>\n<h2 style=\"font-size: 1.5em;\">Dan slovenskih cerkvenih glasbenikov 2014<\/h2>\n<h3><strong>\u0160peter \/ Bene\u010dija \u2013 petek 14. in sobota 15. novembra 2014<\/strong><\/h3>\n<p>Vabimo \u010dlanice in \u010dlane dru\u0161tva, druge slovenske organistke in organiste, zborovodkinje in zborovodje, slu\u0161atelje slovenskih orgelskih \u0161ol, \u0161tudente glasbe, cerkvene pevce in ljubitelje cerkvene glasbe ter vse tiste somi\u0161ljenike, ki \u0161e niso \u010dlani na\u0161ega dru\u0161tva.<\/p>\n<p>V sodelovanju z Glasbeno matico Trst in s pomo\u010djo Javnega sklada RS za kulturne dejavnosti se bomo na leto\u0161njem strokovnem sre\u010danju sre\u010dali z na\u0161imi rojaki cerkvenimi glasbeniki ter njihovim izro\u010dilom in delom. Z njihovo pomo\u010djo bomo spoznali utrip glasbe in cerkvene glasbe, kulturo, jezik in nare\u010dja Bene\u010dije ter vpra\u0161anja in probleme, s katerimi se pri svojem pomembnem narodnem in kulturnem poslanstvu sre\u010dujejo. Z na\u0161o \u0161tevilno udele\u017ebo na tradicionalno zanimivem strokovnem sre\u010danju bomo izkazali podporo slovenskim glasbenikom v Bene\u010diji, ki si s svojim delom tudi v cerkveni glasbi prizadevajo za ohranjanje slovenske cerkvene glasbe, jezika in kulture.<\/p>\n<p>Prijavite se <strong>takoj<\/strong>, z elektronsko po\u0161to, po faksu ali z navadno po\u0161to, najkasneje <strong>do srede, 12. novembra<\/strong>.<\/p>\n<p><em>Slovensko Cecilijino dru\u0161tvo<\/em><\/p>\n<h3><strong>Spored<\/strong><\/h3>\n<p><strong><em>Petek, 14. novembra<\/em><\/strong><\/p>\n<p><strong>15:00<\/strong> \u2013 Odhod avtobusa (parkiri\u0161\u010de Zavoda sv. Stanislava, \u0160tula 23, Ljubljana; \u2018postaja\u2019 v okolici Nove Gorice; med vo\u017enjo registracija udele\u017eencev)<\/p>\n<p><strong>Okr. 18:00<\/strong> \u2013 prihod v \u0160peter (Hotel <em>Pri \u0160kofu<\/em>\/Podbonesec, namestitev; odhod na In\u0161titut za slovensko kulturo)<\/p>\n<p><strong>18:00 \u2013 <em>Uvod, pozdravi, glasbeni pozdrav u\u010dencev Glasbene \u0161ole \u0160peter<\/em> <\/strong>(dvorana In\u0161tituta)<\/p>\n<p><strong>18:30 \u2013 <em>Spoznajmo Bene\u010dijo!<\/em> \u2013 Giorgio Banki\u010d <\/strong>(\u010cedad)<\/p>\n<p><strong>19:00 \u2013 <em>Sloven\u0161\u010dina v Bene\u010diji<\/em> \u2013 \u017diva Gruden <\/strong>(\u0160peter)<\/p>\n<p><strong>19:30 \u2013 <\/strong>odhod v A\u017elo<\/p>\n<p><strong>20:00 \u2013 <em>Koncert<\/em> \u2013 <\/strong><strong>Zbor <em>Pod lipo<\/em><\/strong><strong>\/Nino \u0160pehonja, Otro\u0161ki zbor <em>Mali lujerji<\/em>\/David Klodi\u010d, Elisa Iovel \u2013 sopran, Antonio Qualizza \u2013 orgle <\/strong>(A\u017ela, cerkev sv. Jakoba)<\/p>\n<p><strong>okr. 21:00<\/strong> \u2013 Povratek v Podbonesec, ve\u010derja, prijateljsko dru\u017eenje (Hotel <em>Pri \u0161kofu<\/em>)<\/p>\n<p><strong><em>Sobota, 15. novembra<\/em><\/strong><\/p>\n<p><strong>08:00 \u2013 08:45<\/strong> \u2013 Zajtrk (Hotel <em>Pri \u0161kofu<\/em>)<\/p>\n<p><strong>08:45<\/strong> \u2013 Odhod v \u0160peter (In\u0161titut za slovensko kulturo, registracija novih udele\u017eencev)<\/p>\n<p><strong>09:00 \u2013 09:45 <\/strong>\u2013 <strong><em>Slovenska glasba in cerkvena glasba v Bene\u010diji <\/em>\u2013 Nino \u0160pehonja<\/strong> (Petjag), <strong><em>&#8216;Te dan, Jezus je od smarti vst\u00f9&#8217; in druge cerkvene pesmi<\/em> \u2013 Antonio Qualizza <\/strong>(\u010cedad)<\/p>\n<p><strong>10:00 \u2013 11:00<\/strong> \u2013 <strong><em>Zborovska delavnica (cerkvene skladbe iz Bene\u010dije, s Tr\u017ea\u0161kega in Gori\u0161kega, opus Pavleta Merk\u00f9ja <\/em><\/strong>\u2013 <strong>Damijan Mo\u010dnik<\/strong> (Cerklje na Gorenjskem), <strong>Toma\u017e Faganel<\/strong> (Ljubljana)<\/p>\n<p><strong>11:00 \u2013 11:30 \u2013<\/strong> Odmor s kavo<\/p>\n<p><strong>11:30 \u2013 11:50<\/strong> \u2013 <strong><em>Ivan Trinko \u2013 pri\u010da in pri\u010devalec<\/em><\/strong><strong>\u2013 Lucija Tru\u0161njak<\/strong> (\u0160peter), <strong>Milo\u0161 Pahor<\/strong> (Trst\/Op\u010dine)<\/p>\n<p><strong>12:00 \u2013 12:30 \u2013 <em>Utrip slovenske cerkvene glasbe na Tr\u017ea\u0161kem, Gori\u0161kem in v Bene\u010diji<\/em> \u2013 Marko Tav\u010dar<\/strong> (Trst), <strong>Dario Bertinazzi<\/strong> (Doberdob), <strong>David Klodi\u010d<\/strong> (\u0160peter)<\/p>\n<p><strong>12:30 \u2013 13:00 \u2013 <em>Slovensko glasbeno \u0161olstvo v Italiji <\/em> \u2013 Bogdan Kralj<\/strong> (Trst)<\/p>\n<p><strong>13:00 \u2013<\/strong> Odhod na kosilo (Hotel <em>Pri \u0161kofu<\/em>, Podbonesec) \u2013 po kosilu povratek v \u0160peter<\/p>\n<p><strong>14:30 \u2013 <em>Slovensko multimedialno okno<\/em> \u2013 obisk muzeja \u2013 Donatella Ruttar <\/strong>(Lese),<strong> David Klodi\u010d <\/strong>(Srednje)<\/p>\n<p><strong>Okr. 16:00 \u2013 Po pogledu skozi Slovensko multimedialno okno pesem za slovo<\/strong><\/p>\n<p>V petek in soboto \u2013 <strong>Prodajna razstava muzikalij<\/strong> \u2013 <em>Zalo\u017eniki iz Bene\u010dije, Zalo\u017eba Astrum, Zalo\u017eba Dru\u017eina, Javni sklad RS za kulturo, Zveza cerkvenih pevskih zborov Trst, Zveza cerkvenih pevskih zborov Gorica, dr. Edo \u0160kulj, Slovensko Cecilijino dru\u0161tvo.<\/em><\/p>\n<p>Prireditelj si pridr\u017euje pravico do spremembe sporeda.<\/p>\n<h3><strong>Prijavnina<\/strong><\/h3>\n<p><strong>Petek in sobota<\/strong><\/p>\n<p>\u010clani SCD\u00a0\u00a0\u00a0\u00a0\u00a0\u00a0 65.- eur (udele\u017eba, gradivo, preno\u010di\u0161\u010de v 2- ali 3-posteljni sobi, 3 obroki)<\/p>\n<p>Ne\u010dlani\u00a0\u00a0\u00a0\u00a0\u00a0\u00a0\u00a0\u00a0\u00a0\u00a0\u00a0 70.- eur\u00a0\u00a0\u00a0\u00a0\u00a0\u00a0\u00a0\u00a0\u00a0\u00a0 (udele\u017eba, gradivo, preno\u010di\u0161\u010de v 2- ali 3-posteljni sobi, 3 obroki)<\/p>\n<p>Dopla\u010dilo za enoposteljno sobo 5.- eur.<\/p>\n<p>Pija\u010da in\/ali sladica pri obrokih v prijavnino nista vklju\u010deni.<\/p>\n<p>Prispevek za prevoz iz Ljubljane, ki ga boste poravnali med prevozom, bo odvisen od \u0161tevila udele\u017eencev.<\/p>\n<p><strong>Petek in sobota brez preno\u010di\u0161\u010da<\/strong><\/p>\n<p>\u010clani SCD\u00a0\u00a0\u00a0\u00a0\u00a0\u00a0 45.- eur\u00a0\u00a0\u00a0\u00a0\u00a0\u00a0\u00a0\u00a0\u00a0\u00a0\u00a0\u00a0\u00a0\u00a0\u00a0\u00a0\u00a0\u00a0\u00a0\u00a0\u00a0\u00a0 Udele\u017eba, gradivo, ve\u010derja in kosilo<\/p>\n<p>Ne\u010dlani\u00a0\u00a0\u00a0\u00a0\u00a0\u00a0\u00a0\u00a0\u00a0\u00a0\u00a0 50.- eur\u00a0\u00a0\u00a0\u00a0\u00a0\u00a0\u00a0\u00a0\u00a0\u00a0\u00a0\u00a0\u00a0\u00a0\u00a0\u00a0\u00a0\u00a0\u00a0\u00a0\u00a0\u00a0 Udele\u017eba, gradivo, ve\u010derja in kosilo<\/p>\n<p><strong>Enodnevna udele\u017eba \u2013 petek ali sobota<\/strong><\/p>\n<p>\u010clani in ne\u010dlani\u00a0\u00a0\u00a0\u00a0\u00a0\u00a0\u00a0\u00a0\u00a0\u00a0 30.- eur\u00a0\u00a0\u00a0\u00a0\u00a0\u00a0\u00a0\u00a0\u00a0\u00a0\u00a0\u00a0\u00a0\u00a0\u00a0\u00a0\u00a0\u00a0\u00a0\u00a0\u00a0\u00a0 Udele\u017eba po dnevnem programu, gradivo, ve\u010derja ali kosilo<\/p>\n<p>Prijavnino poravnate ob vpisu. \u010ce \u0161e niste \u010dlanica\/\u010dlan Slovenskega Cecilijinega dru\u0161tva, boste to lahko postali. Prijavnina za udele\u017eence ne\u010dlane, ki bodo \u010dlani dru\u0161tva postali na prireditvi, je enaka prijavnini za \u010dlane. Poskrbljeno bo za skupen prevoz iz Ljubljane (parkiri\u0161\u010de Zavoda sv. Stanislava, \u0160tula 23, Ljubljana), o &#8216;postaji&#8217; pri Novi Gorici vas bomo obvestili po zaklju\u010dku prijav.<\/p>\n<p>&nbsp;<\/p>\n<h3><strong>Informacije in prijave<\/strong><\/h3>\n<p><a href=\"https:\/\/www.scd.si\/slo\/wp-content\/DSCG-2014-Splet-Prijavnica-04-11.docx\">Prijavnica<\/a><\/p>\n<p>Slovensko Cecilijino dru\u0161tvo, \u0160tula 23, 1210 Ljubljana \u2013 \u0160entvid<\/p>\n<p>F. 01.512106<\/p>\n<p><a href=\"mailto:info@scd.si\">info@scd.si<\/a><\/p>\n<p>M. 031.879281, iz Italije + 386.31.879281.<\/p>\n<p>&nbsp;<\/p>\n<p><em>Dan slovenskih cerkvenih glasbenikov 2014 so omogo\u010dili<\/em><\/p>\n<p>Slovensko Cecilijino dru\u0161tvo<\/p>\n<p>Javni sklad RS za kulturne dejavnosti<\/p>\n<p>Glasbena matica Trst<\/p>\n<p>In\u0161titut za slovensko kulturo \u0160peter<\/p>\n<p>&nbsp;<\/p>\n<p>&nbsp;<\/p>\n<h2 style=\"font-size: 1.5em;\">Dan slovenskih cerkvenih glasbenikov 2013<\/h2>\n<p><strong>Ljubljana, sobota 16. novembra 2013<\/strong><\/p>\n<p>Slovensko Cecilijino dru\u0161tvo v sodelovanju z Ur\u0161ulinskim samostanom in Slovenskim zborovskim arhivom vabi \u010dlanice in \u010dlane, zborovodkinje in zborovodje, organistke in organiste ter druge kolegice in kolege glasbenice in glasbenike, da se udele\u017eite Dneva slovenskih cerkvenih glasbenikov 2013, ki bo v soboto 16. novembra v prostorih ur\u0161ulinskega samostana v Ljubljani, Ple\u010dnikov trg 1 A.<\/p>\n<h3>Predavatelji<\/h3>\n<p>Gregor Klan\u010di\u010d<br \/>\nKatarina Pustinek Rakar<br \/>\nDamijan Mo\u010dnik<br \/>\nMartina Bati\u010d<br \/>\nDalibor Miklav\u010di\u010d<br \/>\nToma\u017e Sev\u0161ek \u0160ramel<\/p>\n<h3>Vsebina<\/h3>\n<p>&#8211; Nova ma\u0161a za visoke glasove z orglami, novi psalmi<br \/>\n&#8211; Slovenski zborovski arhiv \u2013 predstavitev<br \/>\n&#8211; Koncert \u2013 Slovenski komorni zbor<br \/>\n&#8211; Medsebojni odnosi v cerkveni glasbi \u2013 razprava<br \/>\n&#8211; Gor\u0161i\u010deve orgle v ur\u0161ulinski cerkvi<\/p>\n<h3>Urnik<\/h3>\n<p>09:00\u201309:30 \u2013 Sprejem udele\u017eencev<br \/>\n09:30\u201309:50 \u2013 Pozdravi in uvod<br \/>\n10:00\u201311:00 \u2013 Slovenski zborovski arhiv \u2013 predstavitev in ogled (Gregor Klan\u010di\u010d)<br \/>\n11:00\u201311:30 \u2013 Odmor<br \/>\n11:30\u201313:00 \u2013 Nova ma\u0161a in psalmi \u2013 pevska vaja (zbor udele\u017eencev, Gregor Klan\u010di\u010d, skladatelja)<br \/>\n13:00\u201314:00 \u2013 Odmor za kosilo<br \/>\n14:00\u201314:45 \u2013 Koncert \u2013 Slovenski komorni zbor (Martina Bati\u010d)<br \/>\n14:45\u201315:15 \u2013 Odmor<br \/>\n15:15\u201316:45 \u2013 Medsebojni odnosi v cerkveni glasbi \u2013 posvet (usmerja Damijan Mo\u010dnik)<br \/>\n16:45\u201317:30 \u2013 Gor\u0161i\u010deve orgle v ur\u0161ulinski cerkvi (Dalibor Miklav\u010di\u010d, Toma\u017e Sev\u0161ek \u0160ramel)<br \/>\nPo koncertu\u00a0 \u2013\u00a0 Sklep in slovo<\/p>\n<p>Prijavnina zna\u0161a 25.- EUR z \u010dlanice in \u010dlane ter 35.- EUR za tiste, ki \u0161e niste \u010dlani dru\u0161tva. Vklju\u010duje aktivno udele\u017ebo, gradiva in kosilo.<br \/>\nPrijavite se z e-po\u0161to ali z navadno po\u0161to najkasneje do vklju\u010dno srede 13. novembra.<\/p>\n<p><a href=\"https:\/\/www.scd.si\/slo\/wp-content\/DSCG-2013-Prijavnica.doc\">Prijavnica<\/a><br \/>\nInformacije<a href=\"mailto:info@scd.si\"><br \/>\ninfo@scd.si<\/a><br \/>\n031.879281<\/p>\n<p>Slovensko Cecilijino dru\u0161tvo si pridr\u017euje pavico do spremembe sporeda.<\/p>\n<p>&nbsp;<\/p>\n<h2 style=\"font-size: 1.5em;\">Dan slovenskih cerkvenih glasbenikov 2012<\/h2>\n<p><strong><img decoding=\"async\" loading=\"lazy\" class=\"alignleft size-thumbnail wp-image-630\" style=\"margin-left: 10px; margin-right: 10px;\" title=\"postojna\" src=\"https:\/\/www.scd.si\/slo\/wp-content\/postojna-150x150.jpg\" alt=\"\" width=\"150\" height=\"150\" \/> Postojna, sobota 17. novembra 2012<\/strong><\/p>\n<p>Slovensko Cecilijino dru\u0161tvo v sodelovanju z \u017dupnijo Postojna vabi \u010dlanice in \u010dlane, zborovodkinje in zborovodje, organistke in organiste ter druge kolegice in kolege glasbenice in glasbenike, da se udele\u017eite <strong>Dneva slovenskih cerkvenih glasbenikov 2012,<\/strong> ki bo v<strong> soboto 17. novembra v \u017dupniji Postojna oz. v postonjskem \u017eupni\u0161\u010du na Vilharjevi ulici 2<\/strong>.<\/p>\n<p>&nbsp;<\/p>\n<p><strong>Predavatelji<\/strong><br \/>\nmsgr. dr. Jurij Bizjak, koprski \u0161kof<br \/>\nmsgr. Vladimir Pirih<br \/>\nLuka Tul, \u017eupnik v Slavini<br \/>\nLeon Kernel<br \/>\nJanez \u0160ter<\/p>\n<p>Dalibor Miklav\u010di\u010d<\/p>\n<p>Ivan Florjanc<\/p>\n<p>Toma\u017e Faganel<\/p>\n<p><strong>Vsebina<\/strong><br \/>\n&#8211; predavanje<br \/>\n&#8211; razprava in pogovor<br \/>\n&#8211; spoznavanje in priprava novih skladb<br \/>\n&#8211; spoznavanje primorske orgelske krajine, ogled obnovljenih orgel<br \/>\n&#8211; koncert<br \/>\n&#8211; glasbeno sodelovanje pri ma\u0161i<\/p>\n<p><strong>Urnik<\/strong><br \/>\n09:00\u201309:30 \u2013 Sprejem udele\u017eencev<br \/>\n09:30\u201309:45 \u2013 Pozdravi in uvod<br \/>\n09:45\u201310:30 \u2013 <em>Cerkveni glasbenik v liturgiji<\/em> (\u0161kof dr. Jurij Bizjak)<br \/>\n10:30\u201311:00 \u2013 <em>Razprava, odgovori na vpra\u0161anja<\/em> (\u0161kof dr. Jurij Bizjak, Leon Kernel)<br \/>\n11:00\u201311:30 \u2013 Odmor<br \/>\n11:30\u201311:50 \u2013 <em>O orglah na Primorskem<\/em> (msgr. Vladimir Pirih)<br \/>\n11:50\u201313:15 \u2013 <em>Ivan Florjanc: Strunjanska ma\u0161a, Pesem Ceciliji<\/em><br \/>\n(Ivan Florjanc, zbor udele\u017eencev, Janez \u0160ter, Toma\u017e Faganel)<br \/>\n13:30 \u2013 Odhod na kosilo (avtobus, Srednja gozdarska in lesarska \u0161ola)<br \/>\n14:30 \u2013 Odhod v Slavino<br \/>\n15:00\u201316:00 \u2013 <em>Predstavitev \u017eupnije Slavina in obnovljenih Gor\u0161i\u010devih orgel v Slavini<\/em><br \/>\n(\u017eupnik Luka Tul, Leon Kernel, Dalibor Miklav\u010di\u010d)<\/p>\n<p>16:00 \u2013 Odhod v Postojno (avtobus)<br \/>\n16:15\u201316:45 \u2013 Odmor<br \/>\n16:45\u201317:15 \u2013 Vaja<br \/>\n17:30\u201317:50 \u2013 <em>Koncert<\/em> (Mladinski zbor \u017dupnije Postojna, Tja\u0161a Zore)<br \/>\n18:00 \u2013 <em>Sv. ma\u0161a<\/em> (zbor udele\u017eencev, Janez \u0160ter, Toma\u017e Faganel)<br \/>\n19:00 \u2013 Sklep in povratek<\/p>\n<p><strong>Prijavnina<\/strong> zna\u0161a 25.- EUR z \u010dlanice in \u010dlane ter 35.- EUR za tiste, ki \u0161e niste \u010dlani dru\u0161tva. Vklju\u010duje aktivno udele\u017ebo, gradiva, kosilo in lokalni prevoz.<\/p>\n<p>Prijavite se z e-po\u0161to ali z navadno po\u0161to najkasneje do vklju\u010dno srede 16. novembra.<\/p>\n<p><a href=\"https:\/\/www.scd.si\/slo\/wp-content\/DSCG-2012-Prijavnica.doc\">Prijavnica<\/a><\/p>\n<p><strong>Informacije<\/strong><br \/>\ninfo@scd.si<br \/>\n031.879281<\/p>\n<p>&nbsp;<\/p>\n<h2><\/h2>\n<h2>Dan slovenskih cerkvenih glasbenikov 2011<\/h2>\n<p><strong>Sobota, 19. novembra 2011<\/strong><\/p>\n<p><strong>Ljubljana, \u017dupnija Ljubljana \u2013 Dravlje<\/strong>, Vodnikova 279 (Parkiri\u0161\u010de za cerkvijo sv. Roka, vhod skozi glavni vhod nove cerkve)<\/p>\n<h2>Spored<strong><br \/>\n<\/strong><\/h2>\n<p><strong>09:15 \u2013 09:45<\/strong> \u2013 Sprejem udele\u017eencev, registracija \u2013 (Avla cerkve, dvorana)<\/p>\n<p><strong>09:45 \u2013 10:00<\/strong> \u2013 Uvod in pozdravi \u2013 (Cerkev)<\/p>\n<p><strong>10:00 \u2013 10:30<\/strong> \u2013 Predstavitev novih orgel \u017eupnijske cerkve Kristusovega u\u010dlove\u010denja \u2013 D. Miklav\u010di\u010d<\/p>\n<p><strong>10:45 \u2013 11:45<\/strong> \u2013 Ali vem, kako dirigiram? \u2013 T. Faganel<\/p>\n<p><strong>12:00 \u2013 13:30<\/strong> \u2013 Zborovodska delavnica \u2013 Udele\u017eenci, M. Bati\u010d, T. Faganel in D. Mo\u010dnik<\/p>\n<p><strong>13:30 \u2013 14:30<\/strong> \u2013 Kosilo \u2013 Dvorana<\/p>\n<p><strong>14:30 \u2013 16:30<\/strong> \u2013 Zborovodska delavnica \u2013 Aktivni udele\u017eenci, Martina Bati\u010d, Toma\u017e Faganel<\/p>\n<p><strong>17:00<\/strong> \u2013 Koncert draveljskih \u017eupnijskih zborov in pevskih skupin<\/p>\n<p>Ob sprejemu in v odmorih sta v dvorani na voljo kava in \u010daj.<\/p>\n<h2>Vsebina<\/h2>\n<p><strong>Adventne in bo\u017ei\u010dne<\/strong>, Knji\u017enica Cerkvenega glasbenika, Ljubljana, 1978 (<strong>Zbirko prinesite s seboj!<\/strong>); pod vodstvom vodij delavnice obnovitev adventnih in bo\u017ei\u010dnih skladb za vse zborovske zasedbe, adventne in bo\u017ei\u010dne za otro\u0161ke, dekli\u0161ke in \u017eenske zbore; kako in katero skladbo za me\u0161ani zbor uporabiti samo za visoke glasove; vodenje pevske vaje, delo z zborom, raznovrstna vpra\u0161anja dirigiranja. \u2013 Sodelujete lahko v zboru ali aktivno kot dirigenti. Va\u0161e vodenje \u0161tudijskega zbora, ki ga bodo sestavljali udele\u017eenci, bodo usmerjali mentorji sre\u010danja. Aktivno udele\u017ebo ozna\u010dite v prijavi in iz omenjene pesmarice izberite 3 adventne ali bo\u017ei\u010dne skladbe, ki jih \u017eelite dirigirati, in kratko opi\u0161ite svoje dosedanje zborovodske izku\u0161nje. Izmed prijav bodo mentorji za aktivno sodelovanje izbrali 6 kandidatov, ki bodo o izboru pravo\u010dasno obve\u0161\u010deni.<\/p>\n<p>Ves dan: prodajna razstava muzikalij, predstavitev programa za arhiviranje not NotArh.<\/p>\n<h2>Prijave<\/h2>\n<p>Prijavnina za \u010dlane SCD (<strong>25<\/strong>.- EUR), za \u010dlane aktivne dirigente (<strong>35<\/strong>.- EUR), za ne\u010dlane (<strong>35<\/strong>.- EUR) in za ne\u010dlane aktivne dirigente (<strong>45<\/strong>.- EUR) vklju\u010duje udele\u017ebo (skupno oz. aktivno), gradivo (skladbe za visoke glasove; zbirko Adventne in bo\u017ei\u010dne prinesite s seboj!) ter kosilo s pija\u010do in kavo. Prijavnino poravnate ob registraciji. \u010ce \u0161e niste \u010dlanica\/\u010dlan Slovenskega Cecilijinega dru\u0161tva, boste lahko to postali. Prijavnina za udele\u017eence ne\u010dlane, ki bodo \u010dlani dru\u0161tva postali na prireditvi, je enaka prijavnini za \u010dlane. Prijavnico z vsemi informacijami najdete na tej spletni strani, \u010dlani dru\u0161tva pa so jo prejeli s po\u0161to. Prijavite se takoj, z elektronsko po\u0161to, po faksu, tudi z navadno po\u0161to, vsekakor pa<strong> najkasneje do ponedeljka, 14. novembra<\/strong>. Po prijavi bodo izbrani udele\u017eenci pravo\u010dasno prejeli potrdilo o aktivni udele\u017ebi.<\/p>\n<p><strong><a href=\"https:\/\/www.scd.si\/slo\/wp-content\/DSCG-2011-Prijavnica.doc\">PRIJAVNICA<\/a><\/strong><\/p>\n<p><strong>Dan slovenskih cerkvenih glasbenikov 2011 so omogo\u010dili:<\/strong> JSKD, Zalo\u017eba Astrum, Zalo\u017eba Dru\u017eina, Catering Kos, Radio Ognji\u0161\u010de<\/p>\n<p>Prireditelj si pridr\u017euje pravico do spremembe sporeda.<\/p>\n<p>&nbsp;<\/p>\n<h4 style=\"font-size: 1em;\"><span style=\"font-style: normal;\">Dan slovenskih cerkvenih glasbenikov 2010<\/span><\/h4>\n<h5 style=\"font-size: 0.83em;\"><span style=\"font-family: Verdana, sans-serif;\"><span style=\"font-size: x-small;\"><strong><span style=\"font-style: normal;\">Mono\u0161ter\/Szentgotth\u00e1rd &#8211; Gornji Senik\/Fels\u0151sz\u00f6ln\u00f6k (Porabje), 22.-23. oktobra 2010 <\/span><\/strong><\/span><\/span><\/h5>\n<h1 class=\"western\" lang=\"sl-SI\" style=\"margin-left: 0.76cm; text-indent: -0.76cm;\"><span style=\"color: #000000; font-family: Verdana, sans-serif; font-style: normal; font-weight: normal; line-height: 19px; font-size: x-small;\">Va\u0161i odmevi o prireditvi: \u0161e pi\u0161emo.<\/span><\/h1>\n<h4 style=\"font-size: 1em;\"><span style=\"font-style: normal;\">Dan slovenskih cerkvenih glasbenikov 2009<\/span><\/h4>\n<h5 style=\"font-size: 0.83em;\"><span style=\"font-family: Verdana, sans-serif;\"><span style=\"font-size: x-small;\"><span style=\"font-style: normal;\"><span style=\"font-family: Verdana; line-height: normal; font-size: 12px;\"><span style=\"font-weight: normal;\">Ljubljana &#8211; \u0160i\u0161ka, \u017dupnija sv. Fran\u010di\u0161ka Asi\u0161kega, 14. novembra 2009<\/span><\/span><\/span><\/span><\/span><\/h5>\n<h1 class=\"western\" lang=\"sl-SI\" style=\"margin-left: 0.76cm; text-indent: -0.76cm;\"><span style=\"font-family: Verdana, sans-serif; font-weight: normal; font-size: x-small;\"><span style=\"font-style: normal;\">Va\u0161i odmevi o prireditvi: \u0161e pi\u0161emo.<\/span><\/span><\/h1>\n<p>&nbsp;<\/p>\n<p style=\"margin: 0.0px 0.0px 0.0px 0.0px; font: 12.0px Verdana;\"><strong>Dan slovenskih cerkvenih glasbenikov 2008<\/strong><\/p>\n<p style=\"margin: 0.0px 0.0px 0.0px 0.0px; font: 12.0px Verdana;\">Rebrca (Avstrija), Mladinski center \u017delezna kapla, 15. novembra 2008<\/p>\n<p style=\"margin: 0.0px 0.0px 0.0px 0.0px; font: 12.0px Times New Roman; min-height: 15.0px;\"><span style=\"font-family: Verdana;\"><strong>Pozdrav in predstavitev mladinskega centra<\/strong> \u2013 Polde Cunder<\/span><\/p>\n<p style=\"margin: 0.0px 0.0px 0.0px 0.0px; font: 12.0px Verdana;\"><strong>Cerkvena glasba v Kr\u0161ki \u0161kofiji<\/strong> \u2013 mag. Jo\u017ee Ropitz<\/p>\n<p style=\"margin: 0.0px 0.0px 0.0px 0.0px; font: 12.0px Verdana;\"><strong>Zakaj govorimo o Trubarju?<\/strong> \u2013 dr. Borut Loparnik<\/p>\n<p style=\"margin: 0.0px 0.0px 0.0px 0.0px; font: 12.0px Verdana;\"><strong>Je moje petje molitev?<\/strong> \u2013 dr. \u0160tefan A. Feren\u010dak<\/p>\n<p style=\"margin: 0.0px 0.0px 0.0px 0.0px; font: 12.0px Verdana;\"><strong>Nove cerkvenoglasbene izdaje<\/strong> \u2013 mag. Ivan Florjanc, prof. Janez Mo\u010dnik<\/p>\n<p style=\"margin: 0.0px 0.0px 0.0px 0.0px; font: 12.0px Verdana;\"><strong>Zborovodska delavnica<\/strong> \u2013 Damijan Mo\u010dnik<\/p>\n<p style=\"margin: 0.0px 0.0px 0.0px 0.0px; font: 12.0px Verdana;\"><strong>Cerkvenoglasbene aktualnosti<\/strong><\/p>\n<p style=\"margin: 0.0px 0.0px 0.0px 0.0px; font: 12.0px Verdana;\"><strong>Koncert<\/strong><\/p>\n<p style=\"margin: 0.0px 0.0px 0.0px 0.0px; font: 12.0px Verdana;\">Max Reger, Toccata op. 59\/1; Leopold Belar: O, Devica, zvezd Kraljica; Janez Tratar: Moja du\u0161a poveli\u010duje Gospoda; Franc Ga\u010dnik: \u0160opek ro\u017e; Neznani skladatelj: Ti krasni son\u010dni svit; Stanko Premrl: Za gore \u017ee sonce hiti\u00a0Simon Jager: Fuga v d-molu (2002);Catechismus 1584 \u2013 harm. Ivan Florjanc: Nu pujte, pujte vsi ludje!<\/p>\n<p style=\"margin: 0.0px 0.0px 0.0px 0.0px; font: 12.0px Verdana;\">Cerkveni zbor \u017delezna Kapla, Jo\u017eko Wrulich, Simon Jager-orgle.<\/p>\n<p style=\"margin: 0.0px 0.0px 0.0px 0.0px; font: 12.0px Verdana;\"><em><span style=\"font-style: normal;\">Dan slovenskih cerkvenih glasbenikov 2007<br \/>\n<\/span><span style=\"font-weight: normal;\"><span style=\"font-style: normal;\">\u0160e pi\u0161emo &#8230;<\/span><\/span><\/em><\/p>\n<p style=\"margin: 0.0px 0.0px 0.0px 0.0px; font: 12.0px Verdana;\"><em><span style=\"font-weight: normal;\"><span style=\"font-style: normal;\"><em><span style=\"font-style: normal;\">Dan slovenskih cerkvenih glasbenikov 2006<\/span><\/em><\/span><\/span><\/em><\/p>\n<p style=\"margin: 0.0px 0.0px 0.0px 0.0px; font: 12.0px Verdana;\"><em><span style=\"font-weight: normal;\"><span style=\"font-style: normal;\"><em><span style=\"font-weight: normal;\"><span style=\"font-style: normal;\">\u0160e pi\u0161emo &#8230;<\/span><\/span><\/em><\/span><\/span><\/em><\/p>\n<p>&nbsp;<\/p>\n<p><strong>Dan slovenskih cerkvenih glasbenikov 2005<\/strong><\/p>\n<p><strong><span style=\"font-weight: normal;\"><strong><span style=\"font-weight: normal;\"><strong><span style=\"font-weight: normal;\"><strong><span style=\"font-weight: normal;\"><strong><span style=\"font-weight: normal;\"><strong><span style=\"font-weight: normal;\"><strong> <span style=\"font-weight: normal;\"><span style=\"font-style: normal;\">\u0160e pi\u0161emo &#8230;<\/span><\/span><\/strong><\/span><\/strong><\/span><\/strong><\/span><\/strong><\/span><\/strong><\/span><\/strong><\/span><\/strong><\/p>\n<p>&nbsp;<\/p>\n<p>&nbsp;<\/p>\n<p>&nbsp;<\/p>\n<h3 style=\"font-size: 1.17em;\"><span style=\"font-family: Tahoma, Verdana, Helvetica, Arial, sans-serif; font-weight: normal; line-height: 18px; font-size: 13px; color: #555555;\"><em><strong>Dan slovenskih cerkvenih glasbenikov 2004<\/strong><\/em><\/span><\/h3>\n<p><span style=\"font-style: normal;\">\u0160e pi\u0161emo &#8230;<\/span><\/p>\n<p>&nbsp;<\/p>\n<p>&nbsp;<\/p>\n<p>&nbsp;<\/p>\n<p>&nbsp;<\/p>\n<h3 style=\"font-size: 1.17em;\"><span style=\"font-family: Tahoma, Verdana, Helvetica, Arial, sans-serif; font-weight: normal; line-height: 18px; font-size: 13px; color: #555555;\"><em><strong><span style=\"font-weight: normal;\"><strong><span style=\"font-weight: normal;\"><strong><span style=\"font-weight: normal;\"><strong><span style=\"font-weight: normal;\"><strong><span style=\"font-style: normal;\">Dan slovenskih cerkvenih glasbenikov 2003<br \/>\n<\/span><span style=\"font-weight: normal;\"><span style=\"font-style: normal;\">\u0160e pi\u0161emo &#8230;<\/span><\/span><\/strong><\/span><\/strong><\/span><\/strong><\/span><\/strong><\/span><\/strong><\/em><\/span><\/h3>\n<p>&nbsp;<\/p>\n<p>&nbsp;<\/p>\n<p><span style=\"font-style: normal;\"><strong><em><span style=\"font-style: normal;\">Dan slovenskih cerkvenih glasbenikov 2002<br \/>\n<\/span><span style=\"font-weight: normal;\"><span style=\"font-style: normal;\">\u0160e pi\u0161emo &#8230;<\/span><\/span><\/em><\/strong><\/span><\/p>\n<p>&nbsp;<\/p>\n<p>&nbsp;<\/p>\n<p>&nbsp;<\/p>\n<div><span style=\"font-style: normal;\">Dan slovenskih cerkvenih glasbenikov 2001<\/span><\/div>\n<div><span style=\"font-weight: normal;\"><span style=\"font-style: normal;\">\u0160e pi\u0161emo &#8230;<\/span><\/span><\/div>\n<p>&nbsp;<\/p>\n<p>&nbsp;<\/p>\n<p>&nbsp;<\/p>\n<p>&nbsp;<\/p>\n<p style=\"margin: 0.0px 0.0px 0.0px 0.0px; font: 12.0px Verdana;\"><strong>4. Sre\u010danje slovenskih cerkvenih glasbenikov<\/strong><\/p>\n<p style=\"margin: 0.0px 0.0px 0.0px 0.0px; font: 12.0px Verdana;\">Ljubljana, Zavod sv. Stanislava, 2. decembra\u00a0<strong>2000<\/strong><\/p>\n<p style=\"margin: 0.0px 0.0px 0.0px 0.0px; font: 12.0px Verdana;\"><strong>Predstavitev novih orgel<\/strong> \u2013 D. Miklav\u010di\u010d, T. Mo\u010dnik<\/p>\n<p style=\"margin: 0.0px 0.0px 0.0px 0.0px; font: 12.0px Verdana;\"><strong>Zborovodska delavnica<\/strong> I \u2013 NN<\/p>\n<p style=\"margin: 0.0px 0.0px 0.0px 0.0px; font: 12.0px Verdana;\">Skladbe 4. nate\u010daja za cerkveno bogoslu\u017eno skladbo \u2013 NN (Stanko Jericijo: Molitev; Ti vabi\u0161 me; Samo Vrem\u0161ak: Christus factus est; Ciril Kren: Zdrava Marija; Marjan Grdadolnik: Pridi, moj Gospod; Ivan Florjanc: Psalm 100; Veni sponsa mea)<\/p>\n<p style=\"margin: 0.0px 0.0px 0.0px 0.0px; font: 12.0px Verdana;\"><strong>Ob\u010dni zbor Slovenskega Cecilijinega dru\u0161tva<\/strong><\/p>\n<p style=\"margin: 0.0px 0.0px 0.0px 0.0px; font: 12.0px Verdana;\"><strong>Pe<\/strong><strong>vska delavnica<\/strong> \u2013 Helena Fojkar Zupan\u010di\u010d<\/p>\n<p style=\"margin: 0.0px 0.0px 0.0px 0.0px; font: 12.0px Verdana;\"><strong>Zborovodska delavnica II<\/strong> \u2013 NN<\/p>\n<p style=\"margin: 0.0px 0.0px 0.0px 0.0px; font: 12.0px Verdana;\">Manj znano in pozabljeno iz slovenske cerkvene glasbe (Martin \u017deleznik: K nebu povzdignimo solzne o\u010di; Janez Mo\u010dnik: Dva speva; O, kam, Gospod; Franc Kimovec: Vnebovzetje; Marijina smrt; Josip Ipavec: Himna<\/p>\n<p style=\"margin: 0.0px 0.0px 0.0px 0.0px; font: 12.0px Verdana;\"><strong>Koncert izbranih del 4. nate\u010daja za cerkveno bogoslu\u017eno skladbo<\/strong><\/p>\n<p>&nbsp;<\/p>\n<p>&nbsp;<\/p>\n<p>&nbsp;<\/p>\n<p style=\"margin: 0.0px 0.0px 0.0px 0.0px; font: 12.0px Verdana;\"><strong>3. sre\u010danje slovenskih cerkvenih glasbenikov<\/strong><\/p>\n<p style=\"margin: 0.0px 0.0px 0.0px 0.0px; font: 12.0px Verdana;\">Ljubljana, \u017dupnija Marijinega oznanjenja, 4. decembra\u00a0<strong>1999<\/strong><\/p>\n<p style=\"margin: 0.0px 0.0px 0.0px 0.0px; font: 12.0px Verdana;\"><strong>Predstavitev novih fran\u010di\u0161kanskih orgel<\/strong> \u2013 Toma\u017e Mo\u010dnik<\/p>\n<p style=\"margin: 0.0px 0.0px 0.0px 0.0px; font: 12.0px Verdana;\"><strong>Zborovodska delavnica <\/strong>\u2013 Toma\u017e Faganel, Damijan Mo\u010dnik, Rudi Cerc<\/p>\n<p style=\"margin: 0.0px 0.0px 0.0px 0.0px; font: 12.0px Verdana;\">Skladbe 3. nate\u010daja za cerkveno bogoslu\u017eno skladbo (Janez Mo\u010dnik: Darovanje, Obhajilo; Ur\u0161ka Pompe: Dva fragmenta iz psalma 33; Samo Vrem\u0161ak: Vhod v sveti\u0161\u010de, Psalm 100; Janez Osredkar: Hvalite Gospoda;\u00a0<span style=\"white-space: pre;\"><span style=\"white-space: normal;\">Staroslovenska &#8211; prir. Anton Foerster: Adventna I; Hebdomada secunda\u00a0adventus<\/span><\/span><\/p>\n<p style=\"margin: 0.0px 0.0px 0.0px 0.0px; font: 12.0px Verdana;\"><strong>Ob\u010dni zbor Slovenskega Cecilijinega dru\u0161tva<\/strong><\/p>\n<p style=\"margin: 0.0px 0.0px 0.0px 0.0px; font: 12.0px Verdana;\"><strong>Ma\u0161a <\/strong>z glasbenim sodelovanjem udele\u017eencev<\/p>\n<p style=\"margin: 0.0px 0.0px 0.0px 0.0px; font: 12.0px Verdana;\"><strong>Koncert skladb 2. in 3. nate\u010daja za bogoslu\u017eno skladbo<\/strong><\/p>\n<p style=\"margin: 0.0px 0.0px 0.0px 0.0px; font: 12.0px Verdana;\">Egi Ga\u0161per\u0161i\u010d: Marija je po polju \u0161la, Ve\u010derna<\/p>\n<p style=\"margin: 0.0px 0.0px 0.0px 0.0px; font: 12.0px Verdana;\">Janez Osredkar: Psalm 117<\/p>\n<p style=\"margin: 0.0px 0.0px 0.0px 0.0px; font: 12.0px Verdana;\">\u017denski cerkveni pevski zbor andreja Vavkna Cerklje, D. Mo\u010dnik<\/p>\n<p style=\"margin: 0.0px 0.0px 0.0px 0.0px; font: 12.0px Verdana;\">Alojzij Ger\u017eini\u010d, Zahvala<\/p>\n<p style=\"margin: 0.0px 0.0px 0.0px 0.0px; font: 12.0px Verdana;\">Anton J. Kropiv\u0161ek: O, Marija, blaga, mila; Salve Regina<\/p>\n<p style=\"margin: 0.0px 0.0px 0.0px 0.0px; font: 12.0px Verdana;\">Me\u0161ani in mo\u0161ki zbor pevski zbor Ignacij Hladnik Tr\u017ei\u010d, Vito Primo\u017ei\u010d<\/p>\n<p style=\"margin: 0.0px 0.0px 0.0px 0.0px; font: 12.0px Verdana;\">Damijan Mo\u010dnik: Missa brevis et simplicita<\/p>\n<p style=\"margin: 0.0px 0.0px 0.0px 0.0px; font: 12.0px Verdana;\">\u017dupnijski pevski zbor sv. Lenarta Ljubljana \u2013 Sostro, Tadej Sadar<\/p>\n<p style=\"margin: 0.0px 0.0px 0.0px 0.0px; font: 12.0px Verdana;\">Damijan Mo\u010dnik: V nazare\u0161ki hi\u0161ici<\/p>\n<p style=\"margin: 0.0px 0.0px 0.0px 0.0px; font: 12.0px Verdana;\">Ivan Florjanc: Marija, pomagaj<\/p>\n<p style=\"margin: 0.0px 0.0px 0.0px 0.0px; font: 12.0px Verdana;\">Akademski pevski zbor Alojzij Mav Ljubljana; Mari\u010dka Perko, Rudolf Cerc<\/p>\n<p style=\"margin: 0.0px 0.0px 0.0px 0.0px; font: 12.0px Verdana;\"><strong>2. sre\u010danje slovenskih cerkvenih glasbenikov<\/strong><\/p>\n<p style=\"margin: 0.0px 0.0px 0.0px 0.0px; font: 12.0px Verdana;\">Ljubljana, Zavod sv. Stanislava, 19. decembra\u00a0<strong>1998<\/strong><\/p>\n<p style=\"margin: 0.0px 0.0px 0.0px 0.0px; font: 12.0px Verdana;\"><strong>Pogovor o sinodi v povezavi s cerkveno glasbo<\/strong> \u2013 Leon Kernel<\/p>\n<p style=\"margin: 0.0px 0.0px 0.0px 0.0px; font: 12.0px Verdana;\"><strong>Otro\u0161ki zbori v slovenski cerkveni glasbi<\/strong> \u2013 F. Pohaja\u010d, A. Verdnik \u2013 Jazbec<\/p>\n<p style=\"margin: 0.0px 0.0px 0.0px 0.0px; font: 12.0px Verdana;\"><strong>Kako izbrati primeren tempo?<\/strong>\u2013 Damijan Mo\u010dnik<\/p>\n<p style=\"margin: 0.0px 0.0px 0.0px 0.0px; font: 12.0px Verdana;\"><strong>K vpra\u0161anjem ljudskega petja<\/strong> \u2013 Leon Kernel<\/p>\n<p style=\"margin: 0.0px 0.0px 0.0px 0.0px; font: 12.0px Verdana;\"><strong>Zborovodska delavnica<\/strong> \u2013 Toma\u017e Faganel, Damijan Mo\u010dnik<\/p>\n<p style=\"margin: 0.0px 0.0px 0.0px 0.0px; font: 12.0px Verdana;\">Skladbe 2. nate\u010daja za bogoslu\u017eno skladbo in druge skladbe:\u00a0E. Ga\u0161per\u0161i\u010d: Ve\u010derna, Marija je po polju \u0161la; D. Mo\u010dnik: Missa brevis et simplicita; I. Florjanc: Marija,pomagaj<\/p>\n<p style=\"margin: 0.0px 0.0px 0.0px 0.0px; font: 12.0px Verdana;\"><strong>Pogovor o polo\u017eaju slovenskih cerkvenih glasbenikov<\/strong> \u2013 Vito Primo\u017ei\u010d<\/p>\n<h1 class=\"western\" lang=\"sl-SI\" style=\"margin-left: 0.76cm; text-indent: -0.76cm; text-decoration: none;\"><span style=\"font-family: Verdana; font-style: normal; font-weight: normal; line-height: normal; font-size: 12px;\"><strong>1. sre\u010danje slovenskih cerkvenih glasbenikov<\/strong><\/span><\/h1>\n<h1 class=\"western\" lang=\"sl-SI\" style=\"margin-left: 0.76cm; text-indent: -0.76cm; text-decoration: none;\"><span style=\"font-family: Verdana; font-style: normal; font-weight: normal; line-height: normal; font-size: 12px;\">Ljubljana \u2013 \u0160entvid \/ Ljubljana \u2013 Je\u017eica, 29. nove<strong><span style=\"font-weight: normal;\">mbra <\/span>1997<\/strong><\/span><\/h1>\n<h1 class=\"western\" lang=\"sl-SI\" style=\"margin-left: 0.76cm; text-indent: -0.76cm; text-decoration: none;\"><span style=\"font-family: Verdana; font-style: normal; font-weight: normal; line-height: normal; font-size: 12px;\"><strong>O popravilih in vzdr\u017eevanju orgel<\/strong> \u2013 Toma\u017e Mo\u010dnik<\/span><\/h1>\n<h1 class=\"western\" lang=\"sl-SI\" style=\"margin-left: 0.76cm; text-indent: -0.76cm; text-decoration: none;\"><span style=\"font-family: Verdana; font-style: normal; font-weight: normal; line-height: normal; font-size: 12px;\"><strong>Zborovodska delavnica<\/strong> \u2013 Toma\u017e Faganel<\/span><\/h1>\n<p style=\"margin: 0.0px 0.0px 0.0px 0.0px; font: 12.0px Verdana;\">Arni\u010d, Jezus premagavec groba; Foerster, Gospod, jaz\u00a0nisem vreden, Klemen\u010di\u010d,\u00a0Mlaji so postavljeni; Skladbe 1.\u00a0nate\u010daja za bogoslu\u017eno skladbo (Ivan Florjanc, Andrej Misson, Damijan Mo\u010dnik, Maks Strm\u010dnik, Jo\u017ee Tro\u0161t)<\/p>\n<p style=\"margin: 0.0px 0.0px 0.0px 0.0px; font: 12.0px Verdana;\"><strong>Ob\u010dni zbor Slovenskega Cecilijinega dru\u0161tva<\/strong><\/p>\n<p style=\"margin: 0.0px 0.0px 0.0px 0.0px; font: 12.0px Verdana;\"><strong>Kon<\/strong><strong>cert skladb 1. nate\u010daja za cerkveno bogoslu\u017eno skladbo<\/strong> (Vse skladbe so bile\u00a0na koncertu prvi\u010d izvedene<\/p>\n<p style=\"margin: 0.0px 0.0px 0.0px 0.0px; font: 12.0px Verdana;\">Ivan Florjanc, Predigra<\/p>\n<p style=\"margin: 0.0px 0.0px 0.0px 0.0px; font: 12.0px Verdana;\">Jo\u017ee Tro\u0161t, Preludij I<\/p>\n<p style=\"margin: 0.0px 0.0px 0.0px 0.0px; font: 12.0px Verdana;\">Damijan Mo\u010dnik, Finale<\/p>\n<p style=\"margin: 0.0px 0.0px 0.0px 0.0px; font: 12.0px Verdana;\">Tone Poto\u010dnik, orgle<\/p>\n<p style=\"margin: 0.0px 0.0px 0.0px 0.0px; font: 12.0px Verdana;\">Damijan Mo\u010dnik, Adventno hrepenenje<\/p>\n<p style=\"margin: 0.0px 0.0px 0.0px 0.0px; font: 12.0px Verdana;\">Maks Strm\u010dnik, Ave Maria<\/p>\n<p style=\"margin: 0.0px 0.0px 0.0px 0.0px; font: 12.0px Verdana;\">Otro\u0161ki Pevski zbor sv. Mihaela, \u0160o\u0161tanj, Anka Verdnik \u2013 Jazbec<\/p>\n<p style=\"margin: 0.0px 0.0px 0.0px 0.0px; font: 12.0px Verdana;\">Ivan Florjanc, Cantabo Domino<\/p>\n<p style=\"margin: 0.0px 0.0px 0.0px 0.0px; font: 12.0px Verdana;\">Andrej Misson, Boga, ki zemlja ga \u010dasti<\/p>\n<p style=\"margin: 0.0px 0.0px 0.0px 0.0px; font: 12.0px Verdana;\">Me\u0161ani pevski zbor Adoramus, Logatec, Marjan Grdadolnik<\/p>\n<p style=\"margin: 0.0px 0.0px 0.0px 0.0px; font: 12.0px Verdana;\">Jo\u017ee Tro\u0161t, S pesmijo slavite Gospoda<\/p>\n<p style=\"margin: 0.0px 0.0px 0.0px 0.0px; font: 12.0px Verdana;\">Mo\u0161ki cerkveni zbor Ignacij Hladnik, Tr\u017ei\u010d, Vito Primo\u017ei\u010d<\/p>\n<p style=\"margin: 0.0px 0.0px 0.0px 0.0px; font: 12.0px Verdana;\">Andrej Misson, Ljubi angel varuh moj<\/p>\n<p style=\"margin: 0.0px 0.0px 0.0px 0.0px; font: 12.0px Verdana;\">Maks Strm\u010dnik, Slava<\/p>\n<p style=\"margin: 0.0px 0.0px 0.0px 0.0px; font: 12.0px Verdana;\">Cerkveni \u017eenski pevski zbor Andreja Vavkna, Damijan Mo\u010dnik<\/p>\n<p style=\"margin: 0.0px 0.0px 0.0px 0.0px; font: 12.0px Verdana;\">Maks Strm\u010dnik, Spevi za 23. nedeljo med letom<\/p>\n<p style=\"margin: 0.0px 0.0px 0.0px 0.0px; font: 12.0px Verdana;\">Damijan Mo\u010dnik, Verbum supernum prodiens<\/p>\n<p style=\"margin: 0.0px 0.0px 0.0px 0.0px; font: 12.0px Verdana;\">Pevsko dru\u0161tvo Emanuel, Celje, Bernarda Kink<\/p>\n<p style=\"margin: 0.0px 0.0px 0.0px 0.0px; font: 12.0px Verdana;\"><strong>\u00a0<\/strong><\/p>\n<div id=\"_mcePaste\" style=\"overflow: hidden; position: absolute; left: -10000px; top: 253px; width: 1px; height: 1px;\">Dan slovenskih cerkvenih glasbenikov 2009<\/div>\n<div id=\"_mcePaste\" style=\"overflow: hidden; position: absolute; left: -10000px; top: 253px; width: 1px; height: 1px;\">Sobota, 14. novembra 2009<\/div>\n<div id=\"_mcePaste\" style=\"overflow: hidden; position: absolute; left: -10000px; top: 253px; width: 1px; height: 1px;\">Ljubljana \u2013 \u0160i\u0161ka, \u017dupnija sv. Fran\u010di\u0161ka Asi\u0161kega, \u010cernetova 20<\/div>\n<div id=\"_mcePaste\" style=\"overflow: hidden; position: absolute; left: -10000px; top: 253px; width: 1px; height: 1px;\">Vsebina<\/div>\n<div id=\"_mcePaste\" style=\"overflow: hidden; position: absolute; left: -10000px; top: 253px; width: 1px; height: 1px;\">Izobrazba glasu in cerkveni zbor<\/div>\n<div id=\"_mcePaste\" style=\"overflow: hidden; position: absolute; left: -10000px; top: 253px; width: 1px; height: 1px;\">Cerkveni zbor in upevanje<\/div>\n<div id=\"_mcePaste\" style=\"overflow: hidden; position: absolute; left: -10000px; top: 253px; width: 1px; height: 1px;\">Zborovodja in solopetje<\/div>\n<div id=\"_mcePaste\" style=\"overflow: hidden; position: absolute; left: -10000px; top: 253px; width: 1px; height: 1px;\">Skupinske pevske delavnice in individualni pouk<\/div>\n<div id=\"_mcePaste\" style=\"overflow: hidden; position: absolute; left: -10000px; top: 253px; width: 1px; height: 1px;\">Ogled novih orgel<\/div>\n<div id=\"_mcePaste\" style=\"overflow: hidden; position: absolute; left: -10000px; top: 253px; width: 1px; height: 1px;\">Koncert<\/div>\n<div id=\"_mcePaste\" style=\"overflow: hidden; position: absolute; left: -10000px; top: 253px; width: 1px; height: 1px;\">Predavateljice<\/div>\n<div id=\"_mcePaste\" style=\"overflow: hidden; position: absolute; left: -10000px; top: 253px; width: 1px; height: 1px;\">Martina Bati\u010d<\/div>\n<div id=\"_mcePaste\" style=\"overflow: hidden; position: absolute; left: -10000px; top: 253px; width: 1px; height: 1px;\">Helena Fojkar Zupan\u010di\u010d<\/div>\n<div id=\"_mcePaste\" style=\"overflow: hidden; position: absolute; left: -10000px; top: 253px; width: 1px; height: 1px;\">Marta Mo\u010dnik Pirc<\/div>\n<div id=\"_mcePaste\" style=\"overflow: hidden; position: absolute; left: -10000px; top: 253px; width: 1px; height: 1px;\">Francka \u0160enk<\/div>\n<div id=\"_mcePaste\" style=\"overflow: hidden; position: absolute; left: -10000px; top: 253px; width: 1px; height: 1px;\">Podrobna vsebina kasneje in v Cerkvenem glasbeniku.<\/div>\n<div id=\"_mcePaste\" style=\"overflow: hidden; position: absolute; left: -10000px; top: 253px; width: 1px; height: 1px;\">Informacije<\/div>\n<div id=\"_mcePaste\" style=\"overflow: hidden; position: absolute; left: -10000px; top: 253px; width: 1px; height: 1px;\">Slovensko Cecilijino dru\u0161tvo<\/div>\n<div id=\"_mcePaste\" style=\"overflow: hidden; position: absolute; left: -10000px; top: 253px; width: 1px; height: 1px;\">\u0160tula 23<\/div>\n<div id=\"_mcePaste\" style=\"overflow: hidden; position: absolute; left: -10000px; top: 253px; width: 1px; height: 1px;\">1210 \u2013 Ljubljana \u2013 \u0160entvid<\/div>\n<div id=\"_mcePaste\" style=\"overflow: hidden; position: absolute; left: -10000px; top: 253px; width: 1px; height: 1px;\">F. 01.5121065<\/div>\n<div id=\"_mcePaste\" style=\"overflow: hidden; position: absolute; left: -10000px; top: 253px; width: 1px; height: 1px;\">E-po\u0161ta:info@scd.si<\/div>\n<div id=\"_mcePaste\" style=\"overflow: hidden; position: absolute; left: -10000px; top: 253px; width: 1px; height: 1px;\">Splet: www.scd.si<\/div>\n","protected":false},"excerpt":{"rendered":"<p>Dan slovenskih cerkvenih glasbenikov 2023 &nbsp; Dan slovenskih cerkvenih glasbenikov 2022 Za ve\u010djo sliko klikni. Dan slovenskih cerkvenih glasbenikov 2021 Za ve\u010djo sliko klikni. Dan slovenskih cerkvenih glasbenikov 2020 Za ve\u010djo sliko klikni. Dan slovenskih cerkvenih glasbenikov 2019 Za vsebino DSCG klikni na zgornjo sliko. Dan slovenskih cerkvenih glasbenikov 2018 Dan slovenskih cerkvenih glasbenikov 2017 [&hellip;]<\/p>\n","protected":false},"author":1,"featured_media":0,"parent":65,"menu_order":0,"comment_status":"closed","ping_status":"closed","template":"","meta":[],"_links":{"self":[{"href":"https:\/\/www.scd.si\/slo\/wp-json\/wp\/v2\/pages\/73"}],"collection":[{"href":"https:\/\/www.scd.si\/slo\/wp-json\/wp\/v2\/pages"}],"about":[{"href":"https:\/\/www.scd.si\/slo\/wp-json\/wp\/v2\/types\/page"}],"author":[{"embeddable":true,"href":"https:\/\/www.scd.si\/slo\/wp-json\/wp\/v2\/users\/1"}],"replies":[{"embeddable":true,"href":"https:\/\/www.scd.si\/slo\/wp-json\/wp\/v2\/comments?post=73"}],"version-history":[{"count":68,"href":"https:\/\/www.scd.si\/slo\/wp-json\/wp\/v2\/pages\/73\/revisions"}],"predecessor-version":[{"id":1672,"href":"https:\/\/www.scd.si\/slo\/wp-json\/wp\/v2\/pages\/73\/revisions\/1672"}],"up":[{"embeddable":true,"href":"https:\/\/www.scd.si\/slo\/wp-json\/wp\/v2\/pages\/65"}],"wp:attachment":[{"href":"https:\/\/www.scd.si\/slo\/wp-json\/wp\/v2\/media?parent=73"}],"curies":[{"name":"wp","href":"https:\/\/api.w.org\/{rel}","templated":true}]}}