{"id":77,"date":"2009-03-01T14:43:34","date_gmt":"2009-03-01T13:43:34","guid":{"rendered":"http:\/\/www.scd.si\/slo\/?page_id=77"},"modified":"2018-02-20T11:46:15","modified_gmt":"2018-02-20T10:46:15","slug":"tecaji","status":"publish","type":"page","link":"https:\/\/www.scd.si\/slo\/dejavnosti\/tecaji","title":{"rendered":"Te\u010daji"},"content":{"rendered":"<h2>Seminar orgelske igre in liturgike<\/h2>\n<p><strong>Murska Sobota, <em>Stolnica \u2013 \u0160kofija Murska Sobota<\/em>, sobota, 10. februarja 2018 <\/strong><\/p>\n<p>Spo\u0161tovane \u010dlanice, spo\u0161tovani \u010dlani Slovenskega Cecilijinega dru\u0161tva,\u00a0 kolegice in kolegi,<\/p>\n<p>vabimo Vas, da se v soboto 10. februarja 2018 novembra v Murski Soboti, v stolnici oz. v \u0160kofiji Murska Sobota udele\u017eimo \u017ee tradicionalnega te\u010daja\u00a0 za cerkvene glasbenike, ki ga v sodelovanju s Slovenskim Cecilijinim dru\u0161tvom in \u0160kofijo Murska Sobota prirejata \u0160ola za cerkveno glasbo in Glasbena \u0161ola Beltinci.<\/p>\n<p><em>Slovensko Cecilijino dru\u0161tvo<\/em><\/p>\n<p>&nbsp;<\/p>\n<p><strong>PREDAVATELJA<\/strong><\/p>\n<p><strong>dr. Matej Podsten\u0161ek<\/strong>, Maribor<br \/>\n<strong>dr. Julka Ne\u017ei\u010d<\/strong>, Murska Sobota<\/p>\n<p><strong>SPORED<\/strong><\/p>\n<p><strong>09:00\u201309:15<\/strong> \u2013 Sprejem udele\u017eencev, prijava;<br \/>\n<strong>09:15\u201309:30<\/strong> \u2013 Uvod in pozdravi;<br \/>\n<strong>09:30\u201311:30<br \/>\n<\/strong>Individualni pouk u\u010dencev \u0160ole za cerkveno glasbo (Mateje Podsten\u0161ek, stolnica);<br \/>\nUvod v liturgiko (Julka Ne\u017ei\u010d, \u0161kofija);<br \/>\n11:30\u201311:45 \u2013 Odmor s kavo;<br \/>\n<strong>11.45\u201312:45<\/strong> \u2013 Uvod v liturgi\u010dno igranje, predstavitev dobrih praks, priprava in izvedba uvodov, mediger in poiger skladb iz pesmarice Slavimo Gospoda (Matej Podsten\u0161ek)<br \/>\n12:45\u201313:45 \u2013 Odmor za kosilo;<br \/>\n<strong>13:45\u201314:45<\/strong> \u2013 Prakti\u010dno delo z udele\u017eenci organisti \u2013 uvodi, medigre, poigre, improvizacija, registracija, orgelska literatura itd. (M. Podsten\u0161ek);<br \/>\n14:45\u201315:00 \u2013 Odmor s kavo;<br \/>\n<strong>15:00\u201316:15<\/strong> \u2013 Prakti\u010dno delo z udele\u017eenci (M. Podste\u0161ek);<br \/>\n<strong>16:15\u201317.15<\/strong> \u2013 Nadaljevanje \u2013 predlogi, sklepne misli (M. Podste\u0161ek).<\/p>\n<p>Prireditelj si pridr\u017euje pravico do spremembe sporeda.<\/p>\n<p><a href=\"http:\/\/www.scd.si\/slo\/wp-content\/\u0160CG-2018-Tecaj-stolnica-MS-Vabilo-Info-Prijavnica.docx\"><strong><u>Vabilo, spored s prijavnico<\/u><\/strong><\/a><\/p>\n<p><strong>Prijavite se do vklju\u010dno petka 2. februarja 2018 <\/strong>z navadno ali e-po\u0161to na naslov:<br \/>\nMitja Medved, Gan\u010dani 178 C, 9231 Beltinci, <a href=\"mailto:mitja.medved@gmail.com\">mitja.medved@gmail.com<\/a>, 040.415272<\/p>\n<p><strong>Prijavnina<\/strong> za udele\u017ebo na te\u010daju zna\u0161a 15 evrov in vklju\u010duje aktivno udele\u017ebo, gradiva in kosilo.<\/p>\n<p><strong>Informacije<br \/>\n<\/strong><a href=\"mailto:mitja.medved@gmail.com\">mitja.medved@gmail.com<br \/>\n<\/a>040.415272<br \/>\nMitja Medved<br \/>\nGan\u010dani 178 C<br \/>\n9231 Beltinci<\/p>\n<p>&nbsp;<\/p>\n<p><strong><em>Seminar <\/em><\/strong><strong><em>so omogo\u010dili<br \/>\n<\/em><\/strong><em>Glasbena \u0161ola Beltinci \u2013 \u0160ola za cerkveno glasbo<br \/>\n<\/em><em>\u0160kofija Murska Sobota<\/em><\/p>\n<h2><\/h2>\n<h2>Enodnevni te\u010daj orgelske improvizacije<\/h2>\n<div><em>LJUBLJANA, sobota 30. 8. 2014 od 10h do 19h oz. Open End<\/em><br \/>\n<em>Cerkev sv. Jakoba (in pripadajo\u010di prostori za vadenje, Gornji trg 18)<\/em><br \/>\n<em>Te\u010daj vodi doc. Dalibor Miklav\u010di\u010d<\/em>Na te\u010daju boste spoznali raznovrstne tehnike improvizacije od preproste obdelave melodij, preko osnov harmonskega dela in modulacije, motivi\u010dnega dela in oblikoslovja do napotkov za osvajanje polifonih tehnik in zna\u010dilnih glasbenih oblik (bicinij, verzet, fugeta in fuga, tokata, variacije, trio &#8230;) Posvetili se bomo tudi raznovrstnim mo\u017enostim zvo\u010dnih barv &#8211; registracije.<br \/>\nDelo bo potekalo prilagojeno vsakemu posameznemu udele\u017eencu. Na \u017eeljo bo omogo\u010dena tudi 1 lekcija &#8220;man to man&#8221; brez poslu\u0161alcev. Delo bo potekalo teoreti\u010dno in predvsem prakti\u010dno, ves \u010das bodo udele\u017eencem za vajo na voljo \u0161tiri glasbila hkrati. Posebne predpriprave niso potrebne. Zajemali bomo iz cerkvenih pesmaric, starej\u0161ih in novej\u0161ih.<br \/>\nDva najuspe\u0161nej\u0161a udele\u017eenca bosta lahko oktobra pri sv. Jakobu v sooblikovala t. i. orgelsko-improvizacijsko ma\u0161o.<\/p>\n<p><strong>Urnik:<\/strong><\/p>\n<ul>\n<li>09:30 &#8211; 10:00 \u2013 Sprejem in prijava (Ljubljana, dvori\u0161\u010de za cerkvijo sv. Jakoba, Soba sre\u010danj);<\/li>\n<li>10:00 &#8211; 13:30 \u2013 Uvod in te\u010daj (Soba sre\u010danj &#8211; pevski kor);<\/li>\n<li>13:30 &#8211; 15:00 \u2013 Odmor s kosilom (Soba sre\u010danj)<\/li>\n<li>15:00 &#8211; 17:00 \u2013 Te\u010daj (Soba sre\u010danj &#8211; pevski kor &#8211; Orgle in popularna duhovna glasba);- 17:00 &#8211; 17:30 &#8211; Odmor s kavo (Soba sre\u010danj);<\/li>\n<li>17:30 &#8211; 19:00 \u2013 Te\u010daj (Soba sre\u010danj &#8211; pevski kor);<\/li>\n<li>po 19. uri &#8211; <em>Open End <\/em>(trajanje te\u010daja po \u017eelji udele\u017eencev)<\/li>\n<\/ul>\n<p><em>Ve\u010d o predavatelju doc. D. Miklav\u010di\u010du: <a href=\"http:\/\/www.scd.si\/\">www.scd.si<\/a> in <a href=\"http:\/\/dalibor-miklavcic.com\/vita\">http:\/\/dalibor-miklavcic.com\/vita<\/a> <\/em><br \/>\n<em>Prijavnina: 35\u20ac (vklju\u010duje celodnevno sodelovanje na te\u010daju ter obrok in kavo)<\/em><br \/>\n<em>Dodatne informacije: <a href=\"http:\/\/www.scd.si\/\">www.scd.si<\/a>, <a href=\"mailto:info@scd.si\">info@scd.si<\/a>, mobi: 031.879281 <\/em><\/p>\n<p><strong>Udele\u017ebo obvezno potrdite do vklju\u010dno \u010detrtka 29.8. na <a href=\"mailto:info@scd.si\">info@scd.si<\/a>.<\/strong><br \/>\nVsi prijavljeni bodo pred za\u010detkom te\u010daja prejeli podroben urnik in razpored.<\/p>\n<h4><strong>Nekaj utrinkov iz lanskoletnega te\u010daja liturgi\u010dnega orglanja in improvizacije (Velesovo \/ Trata, 30. avgusta &#8212; 2. septembra 2013)<\/strong><\/h4>\n<p><em>Mo\u017enosti pri modulacijah &#8211; prof. Johannes Mayr<\/em><iframe loading=\"lazy\" src=\"\/\/www.youtube.com\/embed\/ZdqTtbigZSw\" width=\"420\" height=\"315\" frameborder=\"0\"><\/iframe><\/p>\n<p><em>Improvizacija po sklepni ma\u0161i te\u010daja &#8211; prof. Johannes Mayr<\/em><iframe loading=\"lazy\" src=\"\/\/www.youtube.com\/embed\/PawUgNU_iBw\" width=\"420\" height=\"315\" frameborder=\"0\"><\/iframe><\/p>\n<\/div>\n<p>&nbsp;<\/p>\n<h2>3. te\u010daj za zborovodje \u2013 4. te\u010daj liturgi\u010dnega orglanja in improvizacije \u2013 Te\u010daj popularne duhovne glasbe<\/h2>\n<p>Spo\u0161tovane \u010dlanice, spo\u0161tovani \u010dlani, organistke in organisti, zborovodkinje in zborovodje, cerkvene glasbenice in cerkveni glasbeniki, slu\u0161atelji\/ce slovenskih orgelskih \u0161ol, vodje in predavatelji slovenskih orgelskih \u0161ol, \u0161tudentke\/\u0161tudenti Akademije za glasbo, ljubitelji in izvajalci popularne duhovne glasbe, kolegice in kolegi!<\/p>\n<p>Zaradi znatno premajhnega \u0161tevila prijav <em>3. te\u010daj za zborovodje<\/em>, <em>Te\u010daj popularne duhovne glasbe<\/em> in na <em>5. te\u010daj liturgi\u010dnega orglanja in improvizacije<\/em> od 29. do 31. avgusta v Velesovem, te\u010daj za zborovodje in te\u010daj popularne duhovne glasbe \u017eal odpovedujemo.<br \/>\nVsem prijavljenim hvala za razumevanje nastalega polo\u017eaja in neprijetne odlo\u010ditve.<\/p>\n<h2>2. te\u010daj za zborovodje<\/h2>\n<p><strong>Velesovo, 30. avgusta \u2013 2. septembra 2013 <\/strong><\/p>\n<p><strong>Vsebina<\/strong><\/p>\n<ul>\n<li>pomembnej\u0161a vpra\u0161anja tehnike dirigiranja;<\/li>\n<li>analiza in dirigiranje tehni\u010dno pomembnih odlomkov iz literature;<\/li>\n<li>priprava dirigenta na vajo, analiza notnega gradiva oz. glasbenega sporeda;<\/li>\n<li>vaje zbora, delo z zborom, vodenje vaj;<\/li>\n<li>priprava izbranega sporeda za izvedbo.<\/li>\n<\/ul>\n<p>Te\u010daj bo potekal plenarno in kot vodene vaje aktivnih udele\u017eencev s \u0161tudijskim zborom udele\u017eencev poslu\u0161alcev. Predvsem od aktivnih udele\u017eencev se pri\u010dakuje celovita predhodna priprava programa, ki ga bodo vsi prijavljeni prejeli takoj po izteku prijavnega roka. Udele\u017eenci te\u010daja bodo kot pevci in dirigenti glasbeno oblikovali nedeljsko ma\u0161o.<\/p>\n<p>Kandidati za aktivno udele\u017ebo naj prijavi dodajo \u017eivljenjepis s podrobnim opisom dirigentskih izku\u0161enj in kratek video posnetek ali dvd svojega dirigiranja. Tehni\u010dna kakovost posnetka ni pomembna. Prireditelj bo izmed prijav izbral 6 aktivnih udele\u017eencev in v primeru velikega \u0161tevila prijav aktivno udele\u017ebo omejil na 35 let.<\/p>\n<p>Prijavnina zna\u0161a od 85 oz. 80 evrov za aktivne udele\u017eence do 65 oz. 60 evrov za poslu\u0161alce in vklju\u010duje aktivno udele\u017ebo oz. poslu\u0161anje te\u010daja ter dvodnevno bivanje in prehrano. Mo\u017ena je prijava brez preno\u010di\u0161\u010da in enodnevno pasivno sodelovanje (gl. prijavnico in cenik). Prijavnina vklju\u010duje izbrano udele\u017ebo na te\u010daju, 2 no\u010ditvi in\/ali 6 obrokov. Udele\u017eenci bodo bivali v prenovljenem delu velesovskega samostana.<\/p>\n<p><strong>Predavatelja<\/strong><br \/>\nprof. Martina Bati\u010d<br \/>\nprof. Toma\u017e Faganel<\/p>\n<p><strong>Prijavite se<\/strong> z e-po\u0161to ali z navadno po\u0161to najkasneje <strong>do vklju\u010dno 14. avgusta (prijavnica spodaj)<\/strong>.<\/p>\n<p>Vsi prijavljeni bodo po izteku prijavnega roka prejeli vse potrebne informacije, notno gradivo in podroben urnik.<\/p>\n<p><a href=\"http:\/\/www.scd.si\/slo\/wp-content\/2TZZ-Splet-SCD-Objava.doc\">Vabilo z \u017eivljenjepisoma predavateljev<\/a><br \/>\n<a href=\"http:\/\/www.scd.si\/slo\/wp-content\/2TZZ-Prijavnica-Cenik.doc\">Prijavnica, obrazec za opis dirigentskih izku\u0161enj, cenik<\/a><\/p>\n<p>&nbsp;<\/p>\n<h2>4. te\u010daj liturgi\u010dnega orglanja in improvizacije<\/h2>\n<p><strong>Velesovo, 30. avgusta \u2013 1. septembra 2012 <\/strong><\/p>\n<p>Slovensko Cecilijino dru\u0161tvo v sodelovanju z \u017dupnijo Velesovo vabi \u010dlanice in \u010dlane ter druge organistke in organiste na <strong>4. te\u010daj liturgi\u010dnega orglanja<\/strong>, ki bo <strong>od petka 30. avgusta <\/strong>popoldne <strong>do nedelje 1. septembra 2012<\/strong> popoldne na dveh novih glasbilih v Velesovem in na bli\u017enji Trati.<\/p>\n<p><strong>Vsebina: <\/strong>pesmi iz pesmarice <em>Slavimo Gospoda<\/em>; popularne verske pesmi z orglami glede na posebno ritmiko, harmonijo in slog; harmonizacija cerkvenih pesmi v razli\u010dnih slogih z moduliranjem; prakti\u010dne osnove motivi\u010dnega dela in oblikoslovja; orgelske pred- in poigre; priprava homofonih in polifonih obdelav melodije (bicinij, verzet, fugeta, tokata, variacije, trio itd.); teoreti\u010dno in prakti\u010dno; osnove proste improvizacije; registracija.<\/p>\n<p><strong>Predavatelja<\/strong><br \/>\n<a href=\" http:\/\/www.mh-stuttgart.de\/unsere-hochschule\/personenverzeichnis\/personen\/johannes-mayr\/\">prof. Johannes Mayr (Stuttagrt\/Nem\u010dija)<\/a><br \/>\n<a href=\"http:\/\/dalibor-miklavcic.com\/vita\">prof. Dalibor Miklav\u010di\u010d <\/a><\/p>\n<p>Te\u010daj bo potekal na razli\u010dnih ravneh, predavatelja pa bosta vsebino in na\u010din dela sproti prilagajala dospelosti posamezne\/ga udele\u017eenke\/udele\u017eenca. Aktivnim udele\u017eenkam\/udele\u017eencem priporo\u010damo celovito predhodno pripravo najmanj dveh skladb iz pesmarice <em>Slavimo Gospoda<\/em> ali popularnih cerkvenih pesmi v smislu za\u010drtane vsebine. Jeziki te\u010daja bodo sloven\u0161\u010dina, angle\u0161\u010dina, nem\u0161\u010dina in italijan\u0161\u010dina. Udele\u017eenci te\u010daja bodo glasbeno oblikovali nedeljski ma\u0161i.<\/p>\n<p>Prijavnina zna\u0161a od 85 oz. 80 evrov za aktivne udele\u017eence do 65 oz. 60 evrov za poslu\u0161alce in vklju\u010duje aktivno udele\u017ebo oz. poslu\u0161anje te\u010daja ter dvodnevno bivanje in prehrano. Mo\u017ena je tudi prijava brez preno\u010di\u0161\u010da in enodnevno pasivno sodelovanje (gl. prijavnico in cenik). Prijavnina vklju\u010duje izbrano udele\u017ebo na te\u010daju, 2 no\u010ditvi in\/ali 6 obrokov. Udele\u017eenci bodo bivali v prenovljenem delu velesovskega samostana.<\/p>\n<p><strong>Prijavite se<\/strong> z e-po\u0161to, po faksu ali z navadno po\u0161to najkasneje <strong>do 14. avgusta (prijavnica spodaj)<\/strong>. Vsi prijavljeni bodo pred za\u010detkom prejeli podroben urnik in razpored.<\/p>\n<p><a href=\"http:\/\/www.scd.si\/slo\/wp-content\/4TLO-Splet-SCD-Objava.doc\">Vabilo<\/a><br \/>\n<a href=\"http:\/\/www.scd.si\/slo\/wp-content\/4TLO-Prijavnica-Cenik.doc\">Prijavnica in cenik<\/a><\/p>\n<h2>3. te\u010daj liturgi\u010dnega orglanja<\/h2>\n<p>Velesovo, 31. avgusta \u2013 2. septembra 2012<\/p>\n<h2>Te\u010daj za zborovodje<\/h2>\n<p>Velesovo, 31. avgusta \u2013 2. septembra 2012<\/p>\n<p><span class=\"Apple-style-span\" style=\"font-size: 15px; font-weight: bold;\">Na voljo so<a href=\"http:\/\/scd.si\/TZZ\/\"><span style=\"color: #000000;\"> zvo\u010dni posnetki in nekaj fotografij zborovske svete ma\u0161e ob zaklju\u010dku obeh te\u010dajev v nedeljo, 2. septembra 2012<\/span><\/a>.<\/span><\/p>\n<h4><strong>Poveztek vtisov udele\u017eencev<\/strong><\/h4>\n<p>V pripravi<\/p>\n<h2>Te\u010daj liturgi\u010dnega orglanja,\u00a0Velesovo\u2013Trata, 3.-4. septembra 2010<\/h2>\n<h4><strong>Fotokronika<\/strong><\/h4>\n<p lang=\"sl-SI\">\u0160e pripravljamo \u2026<\/p>\n<h4><strong>Poveztek vtisov udele\u017eencev<\/strong><\/h4>\n<p lang=\"sl-SI\">\u0160e pi\u0161emo \u2026<\/p>\n<h2><strong>Te\u010daj liturgi\u010dnega orglanja, Velesovo \u2013 Trata, 4.\u20135. 9. 2009<\/strong><\/h2>\n<h4><strong>Fotokronika <\/strong><span style=\"font-weight: normal;\">(Foto: Simon Jager)<\/span><\/h4>\n<p lang=\"sl-SI\">\u0160e pripravljamo \u2026<\/p>\n<h4><strong>Poveztek vtisov udele\u017eencev<\/strong><\/h4>\n<p lang=\"sl-SI\">\u0160e pi\u0161emo \u2026<\/p>\n<p lang=\"sl-SI\">Povzetek vtisov udele\u017eencev:<\/p>\n<p lang=\"sl-SI\" style=\"margin-bottom: 0cm;\"><span style=\"font-family: Georgia, serif; line-height: 18px; font-size: x-small; white-space: pre;\"><a href=\"http:\/\/www.scd.si\/slo\/wp-content\/SCD-TLO-2009-Povzetek-vpra\u0161alnika.doc\">SCD-TLO-2009-Povzetek-vpra\u0161alnika<\/a><\/span><\/p>\n","protected":false},"excerpt":{"rendered":"<p>Seminar orgelske igre in liturgike Murska Sobota, Stolnica \u2013 \u0160kofija Murska Sobota, sobota, 10. februarja 2018 Spo\u0161tovane \u010dlanice, spo\u0161tovani \u010dlani Slovenskega Cecilijinega dru\u0161tva,\u00a0 kolegice in kolegi, vabimo Vas, da se v soboto 10. februarja 2018 novembra v Murski Soboti, v stolnici oz. v \u0160kofiji Murska Sobota udele\u017eimo \u017ee tradicionalnega te\u010daja\u00a0 za cerkvene glasbenike, ki ga [&hellip;]<\/p>\n","protected":false},"author":1,"featured_media":0,"parent":65,"menu_order":0,"comment_status":"closed","ping_status":"closed","template":"","meta":[],"_links":{"self":[{"href":"https:\/\/www.scd.si\/slo\/wp-json\/wp\/v2\/pages\/77"}],"collection":[{"href":"https:\/\/www.scd.si\/slo\/wp-json\/wp\/v2\/pages"}],"about":[{"href":"https:\/\/www.scd.si\/slo\/wp-json\/wp\/v2\/types\/page"}],"author":[{"embeddable":true,"href":"https:\/\/www.scd.si\/slo\/wp-json\/wp\/v2\/users\/1"}],"replies":[{"embeddable":true,"href":"https:\/\/www.scd.si\/slo\/wp-json\/wp\/v2\/comments?post=77"}],"version-history":[{"count":59,"href":"https:\/\/www.scd.si\/slo\/wp-json\/wp\/v2\/pages\/77\/revisions"}],"predecessor-version":[{"id":998,"href":"https:\/\/www.scd.si\/slo\/wp-json\/wp\/v2\/pages\/77\/revisions\/998"}],"up":[{"embeddable":true,"href":"https:\/\/www.scd.si\/slo\/wp-json\/wp\/v2\/pages\/65"}],"wp:attachment":[{"href":"https:\/\/www.scd.si\/slo\/wp-json\/wp\/v2\/media?parent=77"}],"curies":[{"name":"wp","href":"https:\/\/api.w.org\/{rel}","templated":true}]}}