{"id":79,"date":"2009-03-01T14:44:45","date_gmt":"2009-03-01T13:44:45","guid":{"rendered":"http:\/\/www.scd.si\/slo\/?page_id=79"},"modified":"2012-01-25T19:59:07","modified_gmt":"2012-01-25T18:59:07","slug":"fscg","status":"publish","type":"page","link":"https:\/\/www.scd.si\/slo\/dejavnosti\/fscg","title":{"rendered":"Festival slovenske cerkvene glasbe"},"content":{"rendered":"<p>&nbsp;<\/p>\n<p>&nbsp;<\/p>\n<h1>16. festival slovenske cerkvene glasbe<\/h1>\n<h2>Revija otro\u0161kih in odraslih cerkveni zborov\u00a0Nad\u0161kofije Maribor in zamejstva<\/h2>\n<h3>V sodelovanju s Kulturnim dru\u0161tvom Mohorjan<\/h3>\n<h3>Prevalje, \u017dupnijska cerkev Device Marije na Jezeru<\/h3>\n<h3>Petek in sobota, 1. in 2. oktobra 2010<\/h3>\n<h4>Spored<\/h4>\n<h4>Petek, 1. oktobra ob 19. uri &#8211; Koncert prevaljskih zborov<\/h4>\n<p>Cerkveni me\u0161ani pevski zbor Luka Kramolc \u0160entanel, zborovdja: Matja\u017e Per\u0161ak \/ \u017denski zbor Karantanija, zborovodkinja Suzana Maki\u010d \/ Mo\u0161ki pevski zbor \u0160entanelski pauri, zborovodja Mitja \u0160ipek \/ Mo\u0161ki pevski zbor Vres, zborovodkinja Almira Rogina \/ \u017dupnijski pevski zbor Prevalje, zborovodja Jo\u017eko Kert, organistka Renata Mirkac<\/p>\n<h4>Sobota, 2. oktobra ob 18. uri &#8211; Predavanje, \u017eupni\u0161\u010de, verou\u010dna u\u010dilnica<\/h4>\n<p>Ivan Florjanc: \u00a0<em>Marijine podobe v pesmi in \u017eivljenju<\/em><\/p>\n<h4>Sobota, 2. oktobra ob 19.30\u00a0uri &#8211;\u00a0Koncert cerkvenih otro\u0161kih, mladinskih in odraslih zborov Nad\u0161kofije Maribor in zamejstva<\/h4>\n<p>Otro\u0161ki pevski zbor Kulturnega dru\u0161tva sv. Fran\u010di\u0161ek, Sv. Trojica v Slovenskih Goricah, zborovodkinja Anita Kralj \/ Mladinski pevski zbor \u0160mihel nad Pliberkom, zborovodja Franci Opetnik \/ Mladinski pevski zbor Sele, zborovodkinja Anja Ora\u017ee \/ Me\u0161ani pevski zbor \u017dupnije Ravne na Koro\u0161kem, zborovodkinja Nina Gro\u0161elj \/ \u0160empolajski farni zbor, zborovodja Ivo Kralj, organistka Petra Grassi \/ Me\u0161ani pevski zbor sv. Viktorina Ptuj, zborovodkinja Sonja Winkler \/ Me\u0161ani pevski cerkveni zbor Prosvetnega dru\u0161tva Sele, zborovodja Roman verdel \/ Me\u0161ani pevski zbor Laudamus Maribro, zborovodja Maksimiljan Fegu\u0161, organist Jo\u017ee Vagner<\/p>\n<h4>Pokroivitelj Festivala je mariborski nad\u0161kof, metropolit dr. Franc Kramberger<\/h4>\n<p>Plakat:\u00a0<a href=\"http:\/\/www.scd.si\/slo\/wp-content\/FSCG-2010-Plakat.pdf\">FSCG-2010-Plakat<\/a><\/p>\n<h5><span style=\"font-weight: normal;\">16. festival slovenske cerkvene glasbe &#8211; Revijo cerkvenih zborov Nad\u0161kofije Maribor so omogo\u010dili: Javni sklad RS za kulturo, dr. Franc Kramberger &#8211; mariborski nad\u0161kof, metropolit, Kulturno dru\u0161tvo Mohorjan, Slovensko Cecilijino dru\u0161tvo, \u017dupnija Prevalje, Radi Ognji\u0161\u010de, neimenovani podporniki in \u0161tevilni prostovoljci.<\/span><\/h5>\n<h5><span style=\"font-weight: normal;\">Prireditelja si pridr\u017eujeta pravico do spremembe sporeda.<\/span><\/h5>\n<p lang=\"en-GB\"><span style=\"font-family: Verdana, sans-serif;\"><span style=\"font-size: xx-small;\"><br \/>\n<\/span><\/span><\/p>\n<p lang=\"en-GB\"><span style=\"color: #000000;\"><span style=\"font-family: Verdana,sans-serif;\"><span style=\"font-size: x-small;\"><br \/>\n<\/span><\/span><\/span><\/p>\n<h2>Festival slovenske cerkvene glasbe do leta 1996<\/h2>\n<p><!-- \t\t@page { margin: 2cm } \t\tP { margin-bottom: 0.21cm } --><span style=\"font-family: Verdana;\"><span style=\"font-size: x-small;\"><strong>15. festival slovenske cerkvene glasbe<\/strong><\/span><\/span><\/p>\n<p><span style=\"font-family: Verdana;\"><span style=\"font-size: x-small;\">Cerklje na Gorenjskem &#8211; Velesovo, 13. in 14. septembra 2008<\/span><\/span><\/p>\n<p><span style=\"font-family: Verdana;\"><span style=\"font-size: x-small;\"><strong>1. koncert<\/strong><\/span><\/span><\/p>\n<p><span style=\"font-family: Verdana;\"><span style=\"font-size: x-small;\"><strong>Koncert slovenske orgelske glasbe<\/strong>, Samostanska cerkev Velesovo, 13. septembra<\/span><\/span><\/p>\n<p><span style=\"font-family: Verdana;\"><span style=\"font-size: x-small;\">Jacobus Handl &#8211; Gallus, Intavolacije motetov in moralije (prva izvedba v dana\u0161njem \u010dasu)<\/span><\/span><\/p>\n<p><span style=\"font-family: Verdana;\"><span style=\"font-size: x-small;\">Transkripcija: Marko Motnik<\/span><\/span><\/p>\n<p><span style=\"font-family: Verdana;\"><span style=\"font-size: x-small;\">Orgle: Marko Motnik<\/span><\/span><\/p>\n<p><span style=\"font-family: Verdana;\"><span style=\"font-size: x-small;\">Predstavitev novih orgel Orglarstva Mo\u010dnik, op. 14, 2007<\/span><\/span><\/p>\n<p><span style=\"font-family: Verdana;\"><span style=\"font-size: x-small;\">Orgle: Dalibor Miklav\u010di\u010d<\/span><\/span><\/p>\n<p><span style=\"font-family: Verdana;\"><span style=\"font-size: x-small;\">Primo\u017e Ramov\u0161: Fanfara; Deus Israel conjungat vos<\/span><\/span><\/p>\n<p><span style=\"font-family: Verdana;\"><span style=\"font-size: x-small;\">Jo\u017ee Tro\u0161t: Suita II (prva izvedba v celoti)<\/span><\/span><\/p>\n<p><span style=\"font-family: Verdana;\"><span style=\"font-size: x-small;\">\u010crt Sojar Voglar: \u0160est malih invencij<\/span><\/span><\/p>\n<p><span style=\"font-family: Verdana;\"><span style=\"font-size: x-small;\">Ivan Florjanc: Preludij, koral in fuga <em>Nu pujte, pujte vsi ludje!<\/em><\/span><\/span><\/p>\n<p><span style=\"font-family: Verdana;\"><span style=\"font-size: x-small;\">Klemen Karlin, orgle<\/span><\/span><\/p>\n<p><span style=\"font-family: Verdana;\"><span style=\"font-size: x-small;\">Janko Poto\u010dnik, bariton<\/span><\/span><\/p>\n<p><span style=\"font-family: Verdana;\"><span style=\"font-size: x-small;\"><strong>2. koncert<\/strong><\/span><\/span><\/p>\n<p><span style=\"font-family: Verdana;\"><span style=\"font-size: x-small;\"><strong>Koncert slovenske zborovske cerkvene glasbe<\/strong>, \u017dupnijska cerkev Marije venbovzete, Cerklje, 14. septembra 2008<\/span><\/span><\/p>\n<p><span style=\"font-family: Verdana;\"><span style=\"font-size: x-small;\">\u017dupnijski pevski zbor Trnovo, Ljubljana<\/span><\/span><\/p>\n<p><span style=\"font-family: Verdana;\"><span style=\"font-size: x-small;\">Zborovodja: Simon Kre\u010di\u010d (Matej Voje)<\/span><\/span><\/p>\n<p><span style=\"font-family: Verdana;\"><span style=\"font-size: x-small;\">Organist: Marko Nagode<\/span><\/span><\/p>\n<p><span style=\"font-family: Verdana;\"><span style=\"font-size: x-small;\">Me\u0161ani cerkveni pevski zbor sv. Jerneja, Vojnik<\/span><\/span><\/p>\n<p><span style=\"font-family: Verdana;\"><span style=\"font-size: x-small;\">Zborovodja: Toma\u017e Mar\u010di\u010d<\/span><\/span><\/p>\n<p><span style=\"font-family: Verdana;\"><span style=\"font-size: x-small;\">Organist: David Prelo\u017enik<\/span><\/span><\/p>\n<p><span style=\"font-family: Verdana;\"><span style=\"font-size: x-small;\">Me\u0161ani zbor sv. Ladislava, Beltinci<\/span><\/span><\/p>\n<p><span style=\"font-family: Verdana;\"><span style=\"font-size: x-small;\">Zborovodja: Mitja Medved<\/span><\/span><\/p>\n<p><span style=\"font-family: Verdana;\"><span style=\"font-size: x-small;\">Organist: Kristjan Penhofer<\/span><\/span><\/p>\n<p><span style=\"font-family: Verdana;\"><span style=\"font-size: x-small;\">\u017dupnijski zbor sv. Jakob, Vavta vas<\/span><\/span><\/p>\n<p><span style=\"font-family: Verdana;\"><span style=\"font-size: x-small;\">Zborovodja: Ale\u0161 Makovac<\/span><\/span><\/p>\n<p><span style=\"font-family: Verdana;\"><span style=\"font-size: x-small;\">Me\u0161ani cerkveni pevski zbor sv. Janeza Krstnika, Ajdov\u0161\u010dina<\/span><\/span><\/p>\n<p><span style=\"font-family: Verdana;\"><span style=\"font-size: x-small;\">Zborovodkinja: Martina Bati\u010d<\/span><\/span><\/p>\n<p><span style=\"font-family: Verdana;\"><span style=\"font-size: x-small;\">Organistka: Andreja Kosma\u010d<\/span><\/span><\/p>\n<p><span style=\"font-family: Verdana;\"><span style=\"font-size: x-small;\">Zdru\u017eeni cerkljanski cerkveni zbori<\/span><\/span><\/p>\n<p><span style=\"font-family: Verdana;\"><span style=\"font-size: x-small;\">Zborovodji: Jo\u017eef Mo\u010dnik, Damijan Mo\u010dnik<\/span><\/span><\/p>\n<p><span style=\"font-family: Verdana;\"><span style=\"font-size: x-small;\"><strong>14. festival slovenske cerkvene glasbe<\/strong><\/span><\/span><\/p>\n<p><span style=\"font-family: Verdana;\"><span style=\"font-size: x-small;\"><strong>13. festival slovenske cerkvene glasbe<\/strong><\/span><\/span><\/p>\n<p><span style=\"font-family: Verdana;\"><span style=\"font-size: x-small;\"><strong>12. festival slovenske cerkvene glasbe<\/strong><\/span><\/span><\/p>\n<p><span style=\"font-family: Verdana;\"><span style=\"font-size: x-small;\"><strong>11. festival slovenske cerkvene glasbe<\/strong><\/span><\/span><\/p>\n<p><span style=\"font-family: Verdana;\"><span style=\"font-size: x-small;\"><strong>Cerklje na Gorenjskem, 22. in 23. septembra 2000<\/strong><\/span><\/span><\/p>\n<p><span style=\"font-family: Verdana;\"><span style=\"font-size: x-small;\">Ob 450. obletnici rojstva Iacobusa Gallusa, 450. obletnici izida prve slovenske knjige in 320. obletnici rojstva Fran\u010di\u0161ka Mihaela Paglovca<\/span><\/span><\/p>\n<p><span style=\"font-family: Verdana;\"><span style=\"font-size: x-small;\"><strong>22. 09. <\/strong><\/span><\/span><\/p>\n<p><span style=\"font-family: Verdana;\"><span style=\"font-size: x-small;\"><strong>Slavnostni koncert<\/strong> v po\u010dastitev 450. obletnice rojstva Iacobusa Gallusa, 450. obletnice izida prve slovenske knjige in 320. obletnice rojstva Fran\u010di\u0161ka Mihaela Paglovca (10 Paglov\u010devih pesmi in 7 srednjeve\u0161kih in protestantskih pesmi je za koncert priredil J. Mo\u010dnik)<\/span><\/span><\/p>\n<p><span style=\"font-family: Verdana;\"><span style=\"font-size: x-small;\">Cerkveni otro\u0161ki pevski zbor Andreja Vavkna Cerklje<\/span><\/span><\/p>\n<p><span style=\"font-family: Verdana;\"><span style=\"font-size: x-small;\">Zborovodkinja: Irma Mo\u010dnik<\/span><\/span><\/p>\n<p><span style=\"font-family: Verdana;\"><span style=\"font-size: x-small;\">Organistka: Jana Per<\/span><\/span><\/p>\n<p><span style=\"font-family: Verdana;\"><span style=\"font-size: x-small;\">Cerkveni mladinski me\u0161ani pevski zbor Cerklje<\/span><\/span><\/p>\n<p><span style=\"font-family: Verdana;\"><span style=\"font-size: x-small;\">Zborovodkinja: Damijana Bo\u017ei\u010d \u2013 Mo\u010dnik<\/span><\/span><\/p>\n<p><span style=\"font-family: Verdana;\"><span style=\"font-size: x-small;\">Komorni mo\u0161ki zbor Davorina Jenka<\/span><\/span><\/p>\n<p><span style=\"font-family: Verdana;\"><span style=\"font-size: x-small;\">Zborovodja: Jo\u017eef Mo\u010dnik<\/span><\/span><\/p>\n<p><span style=\"font-family: Verdana;\"><span style=\"font-size: x-small;\">Marta Mo\u010dnik, sopran<\/span><\/span><\/p>\n<p><span style=\"font-family: Verdana;\"><span style=\"font-size: x-small;\">Damijana Bo\u017ei\u010d \u2013 Mo\u010dnik, sopran<\/span><\/span><\/p>\n<p><span style=\"font-family: Verdana;\"><span style=\"font-size: x-small;\">Tone Poto\u010dnik,\u00a0 orgle<\/span><\/span><\/p>\n<p><span style=\"font-family: Verdana;\"><span style=\"font-size: x-small;\">Cerkveni me\u0161ani pevski zbor Andreja Vavkna<\/span><\/span><\/p>\n<p><span style=\"font-family: Verdana;\"><span style=\"font-size: x-small;\">Zborovodja: Damijan Mo\u010dnik<\/span><\/span><\/p>\n<p><span style=\"font-family: Verdana;\"><span style=\"font-size: x-small;\">Zdru\u017eeni zbori<\/span><\/span><\/p>\n<p><span style=\"font-family: Verdana;\"><span style=\"font-size: x-small;\"><strong>23. 09. <\/strong><\/span><\/span><\/p>\n<p><span style=\"font-family: Verdana;\"><span style=\"font-size: x-small;\"><strong>Prvi koncert izbranih zborov<\/strong><\/span><\/span><\/p>\n<p><span style=\"font-family: Verdana;\"><span style=\"font-size: x-small;\">Mladinski pevski zbor sv. Tilen Besnica <\/span><\/span><\/p>\n<p><span style=\"font-family: Verdana;\"><span style=\"font-size: x-small;\">Zborovodja: Janez Fabijan<\/span><\/span><\/p>\n<p><span style=\"font-family: Verdana;\"><span style=\"font-size: x-small;\">Organist: Ale\u0161 Leben<\/span><\/span><\/p>\n<p><span style=\"font-family: Verdana;\"><span style=\"font-size: x-small;\">Me\u0161ani pevski zbor Ma\u0161kolje in Rojan, Trst <\/span><\/span><\/p>\n<p><span style=\"font-family: Verdana;\"><span style=\"font-size: x-small;\">Zborovodja: Humbert Mamolo<\/span><\/span><\/p>\n<p><span style=\"font-family: Verdana;\"><span style=\"font-size: x-small;\">Cerkveni otro\u0161ki pevski zbor Otroci ljubezni Ko\u010devje<\/span><\/span><\/p>\n<p><span style=\"font-family: Verdana;\"><span style=\"font-size: x-small;\">Zborovodja: Sabina I. Devjak<\/span><\/span><\/p>\n<p><span style=\"font-family: Verdana;\"><span style=\"font-size: x-small;\">Organistka: Bo\u017ea \u010cotar<\/span><\/span><\/p>\n<p><span style=\"font-family: Verdana;\"><span style=\"font-size: x-small;\">Me\u0161ani mladinski pevski zbor Jeruzalem Trbovlje<\/span><\/span><\/p>\n<p><span style=\"font-family: Verdana;\"><span style=\"font-size: x-small;\">Zborovodja: Barbara Biola<\/span><\/span><\/p>\n<p><span style=\"font-family: Verdana;\"><span style=\"font-size: x-small;\">M. Soto\u0161ek, flavta; Mihaela Bola, violina; Gregor \u0160pajzer, klarinet<\/span><\/span><\/p>\n<p><span style=\"font-family: Verdana;\"><span style=\"font-size: x-small;\">Mo\u0161ki pevski zbor \u017eupnije Morav\u010de<\/span><\/span><\/p>\n<p><span style=\"font-family: Verdana;\"><span style=\"font-size: x-small;\">Zborovodja: Lojze \u0160tefan<\/span><\/span><\/p>\n<p><span style=\"font-family: Verdana;\"><span style=\"font-size: x-small;\">Cerkveni me\u0161ani pevski zbor \u017eupnije sv. Lenart Ljubljana \u2013 Sostro<\/span><\/span><\/p>\n<p><span style=\"font-family: Verdana;\"><span style=\"font-size: x-small;\">Zborovodja: Tadej Sadar<\/span><\/span><\/p>\n<p><span style=\"font-family: Verdana;\"><span style=\"font-size: x-small;\"><strong>Drugi koncert izbranih zborov <\/strong><\/span><\/span><\/p>\n<p><span style=\"font-family: Verdana;\"><span style=\"font-size: x-small;\">Vokalna skupina Prima, me\u0161ani pevski zbor Cantemus<\/span><\/span><\/p>\n<p><span style=\"font-family: Verdana;\"><span style=\"font-size: x-small;\">Zborovodja: Ale\u0161 Makovac<\/span><\/span><\/p>\n<p><span style=\"font-family: Verdana;\"><span style=\"font-size: x-small;\">Organist: Matej Burger<\/span><\/span><\/p>\n<p><span style=\"font-family: Verdana;\"><span style=\"font-size: x-small;\">Me\u0161ani pevski zbor Rakovnik<\/span><\/span><\/p>\n<p><span style=\"font-family: Verdana;\"><span style=\"font-size: x-small;\">Zborovodja: Marko U\u0161eni\u010dnik<\/span><\/span><\/p>\n<p><span style=\"font-family: Verdana;\"><span style=\"font-size: x-small;\">Me\u0161ani pevski zbor sv. Nikolaj Litija<\/span><\/span><\/p>\n<p><span style=\"font-family: Verdana;\"><span style=\"font-size: x-small;\">Zborovodkinja: Helena Fojkar Zupan\u010di\u010d<\/span><\/span><\/p>\n<p><span style=\"font-family: Verdana;\"><span style=\"font-size: x-small;\">Me\u0161ani pevski zbor Prevalje<\/span><\/span><\/p>\n<p><span style=\"font-family: Verdana;\"><span style=\"font-size: x-small;\">Zborovodja: Jo\u017eko Kert<\/span><\/span><\/p>\n<p><span style=\"font-family: Verdana;\"><span style=\"font-size: x-small;\">Cerkveni mladinski pevski zbor Marija vnebovzeta Tolmin<\/span><\/span><\/p>\n<p><span style=\"font-family: Verdana;\"><span style=\"font-size: x-small;\">Zborovodkinja: Barbara Kova\u010di\u010d<\/span><\/span><\/p>\n<p><span style=\"font-family: Verdana;\"><span style=\"font-size: x-small;\">Me\u0161ani pevski zbor Adoramus Logatec<\/span><\/span><\/p>\n<p><span style=\"font-family: Verdana;\"><span style=\"font-size: x-small;\">Zborovodja: Marjan Grdadolnik <\/span><\/span><\/p>\n<p><span style=\"font-family: Verdana;\"><span style=\"font-size: x-small;\"><strong>Ma\u0161a s sodelovanjem izbranih zborov <\/strong><\/span><\/span><\/p>\n<p><span style=\"font-family: Verdana;\"><span style=\"font-size: x-small;\">Cerkveni mladinski pevski zbor Marija vnebovzeta Tolmin; zborovodkinja: Barbara Kova\u010di\u010d<\/span><\/span><\/p>\n<p><span style=\"font-family: Verdana;\"><span style=\"font-size: x-small;\">Me\u0161ani pevski zbor Prevalje; zborovodja: Jo\u017eko Kova\u010di\u010d<\/span><\/span><\/p>\n<p><span style=\"font-family: Verdana;\"><span style=\"font-size: x-small;\"><strong>Sklepna prireditev<\/strong><\/span><\/span><\/p>\n<p><span style=\"font-family: Verdana;\"><span style=\"font-size: x-small;\">Cerkveni \u017eenski pevski zbor Andreja Vavkna Cerklje; zborovodja: Damijan Mo\u010dnik<\/span><\/span><\/p>\n<p><span style=\"font-family: Verdana;\"><span style=\"font-size: x-small;\">Me\u0161ani pevski zbor Adoramus Logatec; zborovodja: Marjan Grdadolnik<\/span><\/span><\/p>\n<p><span style=\"font-family: Verdana;\"><span style=\"font-size: x-small;\">Tone Poto\u010dnik, orgle<\/span><\/span><\/p>\n<p><span style=\"font-family: Verdana;\"><span style=\"font-size: x-small;\"><strong>10. festival slovenske cerkvene glasbe<\/strong><\/span><\/span><\/p>\n<p><span style=\"font-family: Verdana;\"><span style=\"font-size: x-small;\"><strong>9. festival slovenske cerkvene glasbe<\/strong><\/span><\/span><\/p>\n<p><span style=\"font-family: Verdana;\"><span style=\"font-size: x-small;\"><strong>Cerklje na Gorenjskem, 27. in 28. septembra 1996<\/strong><\/span><\/span><\/p>\n<p><span style=\"font-family: Verdana;\"><span style=\"font-size: x-small;\"><strong>27. 09.<\/strong><\/span><\/span><\/p>\n<p><span style=\"font-family: Verdana;\"><span style=\"font-size: x-small;\"><strong>Odprtje razstave o festivalu v \u017eupnijski cerkvi<\/strong><\/span><\/span><\/p>\n<p><span style=\"font-family: Verdana;\"><span style=\"font-size: x-small;\"><strong>Kolokvij o Gregorju Riharju in Leopoldu Cveku<\/strong><\/span><\/span><\/p>\n<p><span style=\"font-family: Verdana;\"><span style=\"font-size: x-small;\">Janez Mo\u010dnik: Mladost in rod Gregorja Riharja<\/span><\/span><\/p>\n<p><span style=\"font-family: Verdana;\"><span style=\"font-size: x-small;\">Toma\u017e Faganel: Nekaj vpra\u0161anj ob izvajanju Riharjevih skladb<\/span><\/span><\/p>\n<p><span style=\"font-family: Verdana;\"><span style=\"font-size: x-small;\">Maksimiljan Fegu\u0161: Stranpoti prirejanja Riharjevih skladb<\/span><\/span><\/p>\n<p><span style=\"font-family: Verdana;\"><span style=\"font-size: x-small;\">Leon Kernel: \u017divljenje in delo Leopolda Cveka<\/span><\/span><\/p>\n<p><span style=\"font-family: Verdana;\"><span style=\"font-size: x-small;\">(Predavanja so iz\u0161la v<span style=\"color: #000000;\"> Zborniku kolokvijev <\/span>leta 2002)<\/span><\/span><\/p>\n<p><span style=\"font-family: Verdana;\"><span style=\"font-size: x-small;\"><strong>Slavnostni koncert skladb Leopolda Cveka<\/strong> (6 skladb je za koncert priredil Janez Mo\u010dnik)<\/span><\/span><\/p>\n<p><span style=\"font-family: Verdana;\"><span style=\"font-size: x-small;\">Cerkveni me\u0161ani pevski zbor Andreja Vavkna Cerklje<\/span><\/span><\/p>\n<p><span style=\"font-family: Verdana;\"><span style=\"font-size: x-small;\">Zborovodja: Damijan Mo\u010dnik<\/span><\/span><\/p>\n<p><span style=\"font-family: Verdana;\"><span style=\"font-size: x-small;\">Organist: Tone Poto\u010dnik<\/span><\/span><\/p>\n<p><span style=\"font-family: Verdana;\"><span style=\"font-size: x-small;\">Komorni mo\u0161ki pevski zbor Davorina Jenka Cerklje<\/span><\/span><\/p>\n<p><span style=\"font-family: Verdana;\"><span style=\"font-size: x-small;\">Zborovodja: Jo\u017eef Mo\u010dnik<\/span><\/span><\/p>\n<p><span style=\"font-family: Verdana;\"><span style=\"font-size: x-small;\">Cerkveni dekli\u0161ki pevski zbor Andreja Vavkna Cerklje<\/span><\/span><\/p>\n<p><span style=\"font-family: Verdana;\"><span style=\"font-size: x-small;\">Zborovodja: Damijan Mo\u010dnik<\/span><\/span><\/p>\n<p><span style=\"font-family: Verdana;\"><span style=\"font-size: x-small;\">Zdru\u017eeni zbori<\/span><\/span><\/p>\n<p><span style=\"font-family: Verdana;\"><span style=\"font-size: x-small;\"><strong>28. 09. <\/strong><\/span><\/span><\/p>\n<p><span style=\"font-family: Verdana;\"><span style=\"font-size: x-small;\"><strong>Prvi koncert izbranih zborov<\/strong><\/span><\/span><\/p>\n<p><span style=\"font-family: Verdana;\"><span style=\"font-size: x-small;\">Me\u0161ani mladinski pevski zbor Pograjski slav\u010dki<\/span><\/span><\/p>\n<p><span style=\"font-family: Verdana;\"><span style=\"font-size: x-small;\">Zborovodkinja: Marija Nartnik<\/span><\/span><\/p>\n<p><span style=\"font-family: Verdana;\"><span style=\"font-size: x-small;\">Organistka: Katarina Tominec<\/span><\/span><\/p>\n<p><span style=\"font-family: Verdana;\"><span style=\"font-size: x-small;\">Cerkveni mladinski pevski zbor \u0160en\u010dur<\/span><\/span><\/p>\n<p><span style=\"font-family: Verdana;\"><span style=\"font-size: x-small;\">Zborovodkinja: Mojca Gabrijel<\/span><\/span><\/p>\n<p><span style=\"font-family: Verdana;\"><span style=\"font-size: x-small;\">Organistka: Mojca Logar<\/span><\/span><\/p>\n<p><span style=\"font-family: Verdana;\"><span style=\"font-size: x-small;\">Me\u0161ani pevski zbor dr. Fran\u010di\u0161ek Lapmpe \u010crni vrh nad Idrijo<\/span><\/span><\/p>\n<p><span style=\"font-family: Verdana;\"><span style=\"font-size: x-small;\">Zborovodja: Cilka Kav\u010di\u010d<\/span><\/span><\/p>\n<p><span style=\"font-family: Verdana;\"><span style=\"font-size: x-small;\">Organistka: Katja Bajec<\/span><\/span><\/p>\n<p><span style=\"font-family: Verdana;\"><span style=\"font-size: x-small;\">Me\u0161ani pevski zbor \u017eupnije sv. Nikolaja Dolnji Logatec<\/span><\/span><\/p>\n<p><span style=\"font-family: Verdana;\"><span style=\"font-size: x-small;\">Zborovodja: Marjan Grdadolnik<\/span><\/span><\/p>\n<p><span style=\"font-family: Verdana;\"><span style=\"font-size: x-small;\">Cerkveni dekli\u0161ki pevski zbor Rete\u010de<\/span><\/span><\/p>\n<p><span style=\"font-family: Verdana;\"><span style=\"font-size: x-small;\">Zborovodkinja: Helena Kri\u017eaj<\/span><\/span><\/p>\n<p><span style=\"font-family: Verdana;\"><span style=\"font-size: x-small;\">Me\u0161ani pevski zbor anton Foerster Ljubljana<\/span><\/span><\/p>\n<p><span style=\"font-family: Verdana;\"><span style=\"font-size: x-small;\">Zborovodkinja: Damijana Bo\u017ei\u010d \u2013 Mo\u010dnik<\/span><\/span><\/p>\n<p><span style=\"font-family: Verdana;\"><span style=\"font-size: x-small;\">Me\u0161ani pevski zbor sv. Mihael \u0160o\u0161tanj<\/span><\/span><\/p>\n<p><span style=\"font-family: Verdana;\"><span style=\"font-size: x-small;\">Zborovodkinja: Majda Zaver\u0161nik \u2013 Puc<\/span><\/span><\/p>\n<p><span style=\"font-family: Verdana;\"><span style=\"font-size: x-small;\"><strong>Ustanovni ob\u010dni zbor Slovenskega Cecilijinega dru\u0161tva<\/strong><\/span><\/span><\/p>\n<p><span style=\"font-family: Verdana;\"><span style=\"font-size: x-small;\"><strong>Drugi koncert izbranih zborov<\/strong><\/span><\/span><\/p>\n<p><span style=\"font-family: Verdana;\"><span style=\"font-size: x-small;\">Mo\u0161ki pevski zbor Rafko Fabiani Dobrepolje<\/span><\/span><\/p>\n<p><span style=\"font-family: Verdana;\"><span style=\"font-size: x-small;\">Zborovodja: Tone \u0160ikovec<\/span><\/span><\/p>\n<p><span style=\"font-family: Verdana;\"><span style=\"font-size: x-small;\">Me\u0161ani pevski zbor \u017eupnije sv. Jakoba Pame\u010de<\/span><\/span><\/p>\n<p><span style=\"font-family: Verdana;\"><span style=\"font-size: x-small;\">Zborovodja: Drago Hosnar<\/span><\/span><\/p>\n<p><span style=\"font-family: Verdana;\"><span style=\"font-size: x-small;\">Organist: Tone Poto\u010dnik<\/span><\/span><\/p>\n<p><span style=\"font-family: Verdana;\"><span style=\"font-size: x-small;\">Me\u0161ani pevski zbor \u017eupnije Turni\u0161\u010de<\/span><\/span><\/p>\n<p><span style=\"font-family: Verdana;\"><span style=\"font-size: x-small;\">Zborovodja: Matej Pucko<\/span><\/span><\/p>\n<p><span style=\"font-family: Verdana;\"><span style=\"font-size: x-small;\">Me\u0161ani mladinski komorni zbor Emanel Celje<\/span><\/span><\/p>\n<p><span style=\"font-family: Verdana;\"><span style=\"font-size: x-small;\">Zborovodkinja: Bernarda Kink<\/span><\/span><\/p>\n<p><span style=\"font-family: Verdana;\"><span style=\"font-size: x-small;\">Me\u0161ani pevski zbor \u017eupnije Devica Marija na Jazeru \u2013 Prevalje<\/span><\/span><\/p>\n<p><span style=\"font-family: Verdana;\"><span style=\"font-size: x-small;\">Zborovodja: Jo\u017eko Kert<\/span><\/span><\/p>\n<p><span style=\"font-family: Verdana;\"><span style=\"font-size: x-small;\">Organistka: Renata Burdzi \u2013 Mirkac<\/span><\/span><\/p>\n<p><span style=\"font-family: Verdana;\"><span style=\"font-size: x-small;\">Zbor organistov in zborovodij Son\u010dna pesem<\/span><\/span><\/p>\n<p><span style=\"font-family: Verdana;\"><span style=\"font-size: x-small;\">Zborovodja: Jo\u017ee Tro\u0161t<\/span><\/span><\/p>\n<p><span style=\"font-family: Verdana;\"><span style=\"font-size: x-small;\">Cerkveni dekli\u0161ki pevski zbor Andreja Vavkna Cerklje<\/span><\/span><\/p>\n<p><span style=\"font-family: Verdana;\"><span style=\"font-size: x-small;\">Zborovodja: Damijan Mo\u010dnik<\/span><\/span><\/p>\n<p><span style=\"font-family: Verdana;\"><span style=\"font-size: x-small;\">Organist: Tone Poto\u010dnik<\/span><\/span><\/p>\n<p><span style=\"font-family: Verdana;\"><span style=\"font-size: x-small;\"><strong>Jubilejni 10. festival slovenske cerkvene glasbe<\/strong><\/span><\/span><\/p>\n<p><span style=\"font-family: Verdana;\"><span style=\"font-size: x-small;\">Cerklje na Gorenjskem, 25. in 26. septembra 1998<\/span><\/span><\/p>\n<p><span style=\"font-family: Verdana;\"><span style=\"font-size: x-small;\"><strong>25. 09.<\/strong><\/span><\/span><\/p>\n<p><span style=\"font-family: Verdana;\"><span style=\"font-size: x-small;\"><strong>Kolokvij o Andreju Vavknu in Francetu Kimovcu<\/strong><\/span><\/span><\/p>\n<p><span style=\"font-family: Verdana;\"><span style=\"font-size: x-small;\">Janez Mo\u010dnik: Novi cerkljanski u\u010ditelj<\/span><\/span><\/p>\n<p><span style=\"font-family: Verdana;\"><span style=\"font-size: x-small;\">Marijan Smolik: Franc Kimovec &#8211; \u010dlovek in duhovnik<\/span><\/span><\/p>\n<p><span style=\"font-family: Verdana;\"><span style=\"font-size: x-small;\">Andrej Misson: Franc Kimovec &#8211; skladatelj<\/span><\/span><\/p>\n<p><span style=\"font-family: Verdana;\"><span style=\"font-size: x-small;\">Edo \u0160kulj: Franc Kimovec &#8211; pospe\u0161evalec ljudskega petja<\/span><\/span><\/p>\n<p><span style=\"font-family: Verdana;\"><span style=\"font-size: x-small;\">Matja\u017e Ambro\u017ei\u010d: Franc Kimovec &#8211; zvonoslovec in kolaudator zvonov<\/span><\/span><\/p>\n<p><span style=\"font-family: Verdana;\"><span style=\"font-size: x-small;\">Toma\u017e Mo\u010dnik: Franc Kimovec in orgle<\/span><\/span><\/p>\n<p><span style=\"font-family: Verdana;\"><span style=\"font-size: x-small;\">Predstavitev pesmarice Andrej Vavken: Cerkvene pesmi \u2013 Zalo\u017eba Astrum<\/span><\/span><\/p>\n<p><span style=\"font-family: Verdana;\"><span style=\"font-size: x-small;\"><strong>Slavnostni koncert skladb Andreja Vavkna in Franca Kimovca<\/strong> (2 skladbi je za koncert priredil Janez Mo\u010dnik)<\/span><\/span><\/p>\n<p><span style=\"font-family: Verdana;\"><span style=\"font-size: x-small;\">Cerkveni otro\u0161ki zbor Andreja Vavkna Cerklje <\/span><\/span><\/p>\n<p><span style=\"font-family: Verdana;\"><span style=\"font-size: x-small;\">Zborovodkinja: Irma Mo\u010dnik<\/span><\/span><\/p>\n<p><span style=\"font-family: Verdana;\"><span style=\"font-size: x-small;\">Organistka: Jana Per<\/span><\/span><\/p>\n<p><span style=\"font-family: Verdana;\"><span style=\"font-size: x-small;\">Cerkveni mladinski pevski zbor in Cerkveni mladinski me\u0161ani pevski zbor Andreja Vavkna<\/span><\/span><\/p>\n<p><span style=\"font-family: Verdana;\"><span style=\"font-size: x-small;\">Zborovodji: Damijan Mo\u010dnik in Damijana Bo\u017ei\u010d \u2013 Mo\u010dnik<\/span><\/span><\/p>\n<p><span style=\"font-family: Verdana;\"><span style=\"font-size: x-small;\">Organistka: Polona Fister<\/span><\/span><\/p>\n<p><span style=\"font-family: Verdana;\"><span style=\"font-size: x-small;\">Marjan Tr\u010dek, tenor<\/span><\/span><\/p>\n<p><span style=\"font-family: Verdana;\"><span style=\"font-size: x-small;\">Polona Fister, orgle<\/span><\/span><\/p>\n<p><span style=\"font-family: Verdana;\"><span style=\"font-size: x-small;\">Komorni mo\u0161ki pevski zbor Davorina Jenka Cerklje<\/span><\/span><\/p>\n<p><span style=\"font-family: Verdana;\"><span style=\"font-size: x-small;\">Zborovodja: Jo\u017eef Mo\u010dnik<\/span><\/span><\/p>\n<p><span style=\"font-family: Verdana;\"><span style=\"font-size: x-small;\">Cerkveni \u017eenski pevski zbor Andreja Vavkna Cerklje<\/span><\/span><\/p>\n<p><span style=\"font-family: Verdana;\"><span style=\"font-size: x-small;\">Zborovodja: Damijan Mo\u010dnik<\/span><\/span><\/p>\n<p><span style=\"font-family: Verdana;\"><span style=\"font-size: x-small;\">Toma\u017e Mo\u010dnik, orgle<\/span><\/span><\/p>\n<p><span style=\"font-family: Verdana;\"><span style=\"font-size: x-small;\">Zdru\u017eeni zbori<\/span><\/span><\/p>\n<p><span style=\"font-family: Verdana;\"><span style=\"font-size: x-small;\"><strong>26. 09.<\/strong><\/span><\/span><\/p>\n<p><span style=\"font-family: Verdana;\"><span style=\"font-size: x-small;\"><strong>Prvi koncert izbranih zborov<\/strong> <\/span><\/span><\/p>\n<p><span style=\"font-family: Verdana;\"><span style=\"font-size: x-small;\">Me\u0161ani pevski zbor \u017eupnije Pame\u010de<\/span><\/span><\/p>\n<p><span style=\"font-family: Verdana;\"><span style=\"font-size: x-small;\">Zborovodja: Drago Hosnar<\/span><\/span><\/p>\n<p><span style=\"font-family: Verdana;\"><span style=\"font-size: x-small;\">Me\u0161ani pevski zbor \u017eupnije Bled<\/span><\/span><\/p>\n<p><span style=\"font-family: Verdana;\"><span style=\"font-size: x-small;\">Zborovodkinja: Tanja Leben <\/span><\/span><\/p>\n<p><span style=\"font-family: Verdana;\"><span style=\"font-size: x-small;\">Me\u0161ani pevski zbor sv. Mihael Ol\u0161evek<\/span><\/span><\/p>\n<p><span style=\"font-family: Verdana;\"><span style=\"font-size: x-small;\">Zborovodkinja: Mojca Gabrijel<\/span><\/span><\/p>\n<p><span style=\"font-family: Verdana;\"><span style=\"font-size: x-small;\">Otro\u0161ki pevski zbor \u017eupnije \u0160o\u0161tanj<\/span><\/span><\/p>\n<p><span style=\"font-family: Verdana;\"><span style=\"font-size: x-small;\">Zborovodkinja: Anka Verdnik \u2013 Jazbec<\/span><\/span><\/p>\n<p><span style=\"font-family: Verdana;\"><span style=\"font-size: x-small;\">Komorni me\u0161ani pevski zbor \u0160utna Kamnik<\/span><\/span><\/p>\n<p><span style=\"font-family: Verdana;\"><span style=\"font-size: x-small;\">Zborovodja: Matja\u017e \u0160mauc<\/span><\/span><\/p>\n<p><span style=\"font-family: Verdana;\"><span style=\"font-size: x-small;\">Me\u0161ani pevski zbor Rojan<\/span><\/span><\/p>\n<p><span style=\"font-family: Verdana;\"><span style=\"font-size: x-small;\">Zborovodja: Humbert Mamolo<\/span><\/span><\/p>\n<p><span style=\"font-family: Verdana;\"><span style=\"font-size: x-small;\">Me\u0161ani pevski zbor bazilike Matere usmiljenja Maribor<\/span><\/span><\/p>\n<p><span style=\"font-family: Verdana;\"><span style=\"font-size: x-small;\">Zborovodja: Robert \u0160oster<\/span><\/span><\/p>\n<p><span style=\"font-family: Verdana;\"><span style=\"font-size: x-small;\">Organistka: Iavnka Kutnjak \u2013 Oblak<\/span><\/span><\/p>\n<p><span style=\"font-family: Verdana;\"><span style=\"font-size: x-small;\"><strong>Drugi koncert izbranih zborov<\/strong><\/span><\/span><\/p>\n<p><span style=\"font-family: Verdana;\"><span style=\"font-size: x-small;\">Otro\u0161ki pevski zbor \u017eupnije Kanal ob So\u010di<\/span><\/span><\/p>\n<p><span style=\"font-family: Verdana;\"><span style=\"font-size: x-small;\">Zborovodja: Marjetka \u0160uligoj<\/span><\/span><\/p>\n<p><span style=\"font-family: Verdana;\"><span style=\"font-size: x-small;\">Organistka: Matejka Furlan<\/span><\/span><\/p>\n<p><span style=\"font-family: Verdana;\"><span style=\"font-size: x-small;\">Me\u0161ani pevski zbor Radi\u0161e<\/span><\/span><\/p>\n<p><span style=\"font-family: Verdana;\"><span style=\"font-size: x-small;\">Zborovodja: Nu\u017eej Lampichler<\/span><\/span><\/p>\n<p><span style=\"font-family: Verdana;\"><span style=\"font-size: x-small;\">Cerkveni \u017eenski pevski zbor Andreja Vavkna <\/span><\/span><\/p>\n<p><span style=\"font-family: Verdana;\"><span style=\"font-size: x-small;\">Zborovodja: Damijan Mo\u010dnik<\/span><\/span><\/p>\n<p><span style=\"font-family: Verdana;\"><span style=\"font-size: x-small;\">Me\u0161ani pevski zbor Emanuel Celje<\/span><\/span><\/p>\n<p><span style=\"font-family: Verdana;\"><span style=\"font-size: x-small;\">Zborovodkinja: Bernarda Kink<\/span><\/span><\/p>\n<p><span style=\"font-family: Verdana;\"><span style=\"font-size: x-small;\">Organistka: Marjeta Kozmus<\/span><\/span><\/p>\n<p><span style=\"font-family: Verdana;\"><span style=\"font-size: x-small;\">Mo\u0161ki pevski zbor Rafko Fabiani Dobrepolje<\/span><\/span><\/p>\n<p><span style=\"font-family: Verdana;\"><span style=\"font-size: x-small;\">Zborovodja: Anton \u0160inkovec<\/span><\/span><\/p>\n<p><span style=\"font-family: Verdana;\"><span style=\"font-size: x-small;\">Me\u0161ani pevski zbor Ignacija Hladnika \u017eupnije Tr\u017ei\u010d<\/span><\/span><\/p>\n<p><span style=\"font-family: Verdana;\"><span style=\"font-size: x-small;\">Zborovodja: Vito Primo\u017ei\u010d<\/span><\/span><\/p>\n<p><span style=\"font-family: Verdana;\"><span style=\"font-size: x-small;\">Me\u0161ani pevski zbor \u017eupnije sv. Nikolaja Dolenji Logatec<\/span><\/span><\/p>\n<p><span style=\"font-family: Verdana;\"><span style=\"font-size: x-small;\">Zborovodja: Marjan Grdadolnik<\/span><\/span><\/p>\n<p><span style=\"font-family: Verdana;\"><span style=\"font-size: x-small;\"><strong>Sklepni koncert<\/strong><\/span><\/span><\/p>\n<p><span style=\"font-family: Verdana;\"><span style=\"font-size: x-small;\">France Kimovec: Missa regina pacis (prva izvedba)<\/span><\/span><\/p>\n<p><span style=\"font-family: Verdana;\"><span style=\"font-size: x-small;\">Me\u0161ani pevski zbor \u017eupnije sv. Nikolaja Dolenji Logatec <\/span><\/span><\/p>\n<p><span style=\"font-family: Verdana;\"><span style=\"font-size: x-small;\">Me\u0161ani pevski zbor Emanuel Celje<\/span><\/span><\/p>\n<p><span style=\"font-family: Verdana;\"><span style=\"font-size: x-small;\">Me\u0161ani pevski zbor Ignacija Hladnika \u017eupnije Tr\u017ei\u010d<\/span><\/span><\/p>\n<p><span style=\"font-family: Verdana;\"><span style=\"font-size: x-small;\">Dirigent: Toma\u017e Faganel<\/span><\/span><\/p>\n<p><span style=\"font-family: Verdana;\"><span style=\"font-size: x-small;\">Organist: Primo\u017e Malava\u0161i\u010d<\/span><\/span><\/p>\n<p>&nbsp;<\/p>\n","protected":false},"excerpt":{"rendered":"<p>&nbsp; &nbsp; 16. festival slovenske cerkvene glasbe Revija otro\u0161kih in odraslih cerkveni zborov\u00a0Nad\u0161kofije Maribor in zamejstva V sodelovanju s Kulturnim dru\u0161tvom Mohorjan Prevalje, \u017dupnijska cerkev Device Marije na Jezeru Petek in sobota, 1. in 2. oktobra 2010 Spored Petek, 1. oktobra ob 19. uri &#8211; Koncert prevaljskih zborov Cerkveni me\u0161ani pevski zbor Luka Kramolc \u0160entanel, [&hellip;]<\/p>\n","protected":false},"author":1,"featured_media":0,"parent":65,"menu_order":0,"comment_status":"closed","ping_status":"closed","template":"","meta":[],"_links":{"self":[{"href":"https:\/\/www.scd.si\/slo\/wp-json\/wp\/v2\/pages\/79"}],"collection":[{"href":"https:\/\/www.scd.si\/slo\/wp-json\/wp\/v2\/pages"}],"about":[{"href":"https:\/\/www.scd.si\/slo\/wp-json\/wp\/v2\/types\/page"}],"author":[{"embeddable":true,"href":"https:\/\/www.scd.si\/slo\/wp-json\/wp\/v2\/users\/1"}],"replies":[{"embeddable":true,"href":"https:\/\/www.scd.si\/slo\/wp-json\/wp\/v2\/comments?post=79"}],"version-history":[{"count":20,"href":"https:\/\/www.scd.si\/slo\/wp-json\/wp\/v2\/pages\/79\/revisions"}],"predecessor-version":[{"id":541,"href":"https:\/\/www.scd.si\/slo\/wp-json\/wp\/v2\/pages\/79\/revisions\/541"}],"up":[{"embeddable":true,"href":"https:\/\/www.scd.si\/slo\/wp-json\/wp\/v2\/pages\/65"}],"wp:attachment":[{"href":"https:\/\/www.scd.si\/slo\/wp-json\/wp\/v2\/media?parent=79"}],"curies":[{"name":"wp","href":"https:\/\/api.w.org\/{rel}","templated":true}]}}