{"id":84,"date":"2009-03-01T14:47:07","date_gmt":"2009-03-01T13:47:07","guid":{"rendered":"http:\/\/www.scd.si\/slo\/?page_id=84"},"modified":"2016-05-10T13:59:05","modified_gmt":"2016-05-10T12:59:05","slug":"zaloznistvo","status":"publish","type":"page","link":"https:\/\/www.scd.si\/slo\/dejavnosti\/zaloznistvo","title":{"rendered":"Zalo\u017eni\u0161tvo"},"content":{"rendered":"<p><span style=\"font-family: Verdana, sans-serif;\"><span style=\"font-size: medium;\"><strong>Vabilo<\/strong><\/span><\/span><\/p>\n<p><em>Zdru\u017eenje cerkvenih pevskih zborov \u2013 Gorica<\/em> pripravlja integralno izdajo skladb Emila Komela.<\/p>\n<p>Pri zbiranju gradiva ra\u010dunajo na na\u0161e sodelovanje in pomo\u010d.<\/p>\n<p>V prilogi podrobno o na\u010drtu in kako pri njem koristno in ustvarjalno sodelovati.<\/p>\n<p>Sodelujo\u010de \u010dlanice in \u010dlane prosimo, da o najdbah Komelovih skladb v svojem okolju in stikih z izdajateljem v Gorici obvestijo dru\u0161tvo.<\/p>\n<p><a href=\"http:\/\/www.scd.si\/slo\/wp-content\/PastedGraphic-1.pdf\">Pismo Zdru\u017eenja cerkvenih pevskih zborov \u2013 Gorica<\/a><\/p>\n<p>&nbsp;<\/p>\n<p><span style=\"font-family: Verdana, sans-serif;\"><span style=\"font-size: medium;\"><strong>III. nate\u010daj za cerkveno bogoslu\u017eno skladbo, 1999<\/strong><\/span><\/span><\/p>\n<p><span style=\"font-family: Verdana, sans-serif;\">Janez Mo\u010dnik, <em>Kako naj povrnem<\/em> (Ps 116, 11b-13a; 17-19a) za nizke glasove<\/span><\/p>\n<p><span style=\"font-family: Verdana, sans-serif;\">Janez Mo\u010dnik, <em>Ozri se name \u2013 Slovenska ma\u0161a na psalmska besedila<\/em> za me\u0161ani zbor \u2013 Vstop,, Gospod, usmili se, Slava, Spev, Aleluja, Darovanje, Svet, Jagnje bo\u017eje, Obhajilo, Sklep<\/span><\/p>\n<p><span style=\"font-family: Verdana, sans-serif;\">Janez Osredkar, <em>Hvalite Gospoda vsi narodi<\/em> (Ps 117) za visoke glasove<\/span><\/p>\n<p><span style=\"font-family: Verdana, sans-serif;\">Janez Osredkar, <em>Bog nam nam izka\u017ee milost <\/em>(Ps 67) za me\u0161ani zbor in orgle<\/span><\/p>\n<p><span style=\"font-family: Verdana, sans-serif;\">Ur\u0161ka Pompe, <em>Na\u0161a du\u0161a pri\u010dakuje Gospoda<\/em> (Ps 33, 20) za otro\u0161ki zbor in orgle<\/span><\/p>\n<p><span style=\"font-family: Verdana, sans-serif;\">Ur\u0161ka Pompe, <em>Vriskajte pravi\u010dni v Gospodu <\/em>(Ps 33, 1) za me\u0161ani zbor<\/span><\/p>\n<p><span style=\"font-family: Verdana, sans-serif;\">Samo Vrem\u0161ak, <em>Vzklikajte Gospodu<\/em> (Ps 100) za dvoglasni otro\u0161ki zbor in orgle<\/span><\/p>\n<p><span style=\"font-family: Verdana, sans-serif;\">Samo Vrem\u0161ak, <em>Vhod v sveti\u0161\u010de<\/em> (Ps 24, 1-5; 9a) za me\u0161ani zbor in orgle<\/span><\/p>\n<p><span style=\"font-family: Verdana, sans-serif;\"><span style=\"font-size: x-small;\">Vse skladbe so dostopne tudi samostojno.<\/span><\/span><\/p>\n<p><span style=\"font-family: Verdana, sans-serif;\"><span style=\"font-size: x-small;\">V zbirki so objavljeni razpis in izid nate\u010daja ter predstavitev skladateljev.<\/span><\/span><\/p>\n<p><span style=\"font-family: Verdana, sans-serif;\"><span style=\"font-size: x-small;\"><br \/>\n<\/span><\/span><\/p>\n<p><span style=\"font-family: Verdana, sans-serif;\"><span style=\"font-size: medium;\"><strong>II. nate\u010daj za cerkveno bogoslu\u017eno skladbo, 1998<\/strong><\/span><\/span><\/p>\n<p><span style=\"font-family: Verdana, sans-serif;\">Ivan Florjanc, <em>Marija, pomagaj<\/em> za me\u0161ani zbor, (ljudstvo) in orgle<\/span><\/p>\n<p><span style=\"font-family: Verdana, sans-serif;\">Egi Ga\u0161per\u0161i\u010d, <em>Marija je po polju \u0161la<\/em> za \u017eenski zbor<\/span><\/p>\n<p><span style=\"font-family: Verdana, sans-serif;\">Egi Ga\u0161per\u0161i\u010d, <em>Ve\u010derna<\/em> za \u017eenski zbor in orgle<\/span><\/p>\n<p><span style=\"font-family: Verdana, sans-serif;\">Alojzij Ger\u017eini\u010d, <em>Zahvala<\/em> za me\u0161ani zbor <\/span><\/p>\n<p><span style=\"font-family: Verdana, sans-serif;\">Anton J. Kropiv\u0161ek, <em>O, Marija, blaga, mila<\/em> za me\u0161ani zbor<\/span><\/p>\n<p><span style=\"font-family: Verdana, sans-serif;\">Anton J. Kropiv\u0161ek, <em>Salve Regina<\/em> za mo\u0161ki zbor<\/span><\/p>\n<p><span style=\"font-family: Verdana, sans-serif;\">Damijan Mo\u010dnik, <em>Blagoslovljenje cerkve<\/em> za me\u0161ani zbor<\/span><\/p>\n<p><span style=\"font-family: Verdana, sans-serif;\">Damijan Mo\u010dnik, <em>Missa brevis et simplicita<\/em> za me\u0161ani zbor *<\/span><\/p>\n<p><span style=\"font-family: Verdana, sans-serif;\">Damijan Mo\u010dnik, <em>V nazare\u0161ki hi\u0161ici <\/em>za me\u0161ani zbor<\/span><\/p>\n<p><span style=\"font-family: Verdana, sans-serif;\">Tadej Sadar, <em>Bo\u017ei\u010dno hrepenenje<\/em> za me\u0161ani zbor<\/span><\/p>\n<p><span style=\"font-family: Verdana, sans-serif;\"><span style=\"font-size: x-small;\">V zbirki so objavljeni razpis in izid nate\u010daja ter predstavitev skladateljev.<\/span><\/span><\/p>\n<p><span style=\"font-family: Verdana, sans-serif;\"><span style=\"font-size: x-small;\">* Skladbo je kasneje izdala tudi zalo\u017eba <\/span><span style=\"font-size: x-small;\"><em>Carus Verlag<\/em><\/span><span style=\"font-size: x-small;\"> iz Stuttgarta. Prvi natis je dostopen v zadostnem \u0161tevilu izvodov za izvajalce, zato je misel na nezakonito fotokopiranje odve\u010d.<\/span><\/span><\/p>\n<p><span style=\"font-family: Verdana, sans-serif;\"><span style=\"font-size: x-small;\"><br \/>\n<\/span><\/span><\/p>\n<p><span style=\"font-family: Verdana, sans-serif;\"><span style=\"font-size: medium;\"><strong>I. nate\u010daj za cerkveno bogoslu\u017eno skladbo, 1997<\/strong><\/span><\/span><\/p>\n<p><span style=\"font-family: Verdana, sans-serif;\">Ivan Florjanc, <em>Cantabo Domino<\/em> (Ps1 3, 6) za me\u0161ani zbor a cappella<\/span><\/p>\n<p><span style=\"font-family: Verdana, sans-serif;\">Ivan Florjanc, <em>Predigra<\/em> za orgle<\/span><\/p>\n<p><span style=\"font-family: Verdana, sans-serif;\">Andrej Misson, <em>Boga, ki zemlja ga \u010dasti<\/em> za me\u0161ani zbor in orgle<\/span><\/p>\n<p><span style=\"font-family: Verdana, sans-serif;\">Andrej Misson, <em>Ljubi angel, varuh moj<\/em> za otro\u0161ki\/dekli\u0161ki\/\u017eenski zbor<\/span><\/p>\n<p><span style=\"font-family: Verdana, sans-serif;\">Damijan Mo\u010dnik, <em>Adventno hrepenenje<\/em> za otro\u0161ki zbor in orgle<\/span><\/p>\n<p><span style=\"font-family: Verdana, sans-serif;\">Damijan Mo\u010dnik, <em>Verbum supernum prodiens<\/em> za me\u0161ani\/mladinski zbor a cappella *<\/span><\/p>\n<p><span style=\"font-family: Verdana, sans-serif;\">Damijan Mo\u010dnik, <em>Finale<\/em> za orgle<\/span><\/p>\n<p><span style=\"font-family: Verdana, sans-serif;\">Maks Strm\u010dnik, <em>Ave Maria<\/em> za otro\u0161ki zbor in orgle<\/span><\/p>\n<p><span style=\"font-family: Verdana, sans-serif;\">Maks Strm\u010dnik, <em>Slava<\/em> za \u017eenski zbor a cappella<\/span><\/p>\n<p><span style=\"font-family: Verdana, sans-serif;\">Maks Strm\u010dnik, <em>Spevi za 33. nedeljo med letom<\/em> (Vstopni spev, Spev med berili, Aleluja) za me\u0161ani zbor<\/span><\/p>\n<p><span style=\"font-family: Verdana, sans-serif;\">Maks Strm\u010dnik, <em>Zdrava Marija<\/em> za otro\u0161ki zbor in orgle<\/span><\/p>\n<p><span style=\"font-family: Verdana, sans-serif;\">Jo\u017ee Tro\u0161t, <em>S pesmijo slavite Gospod<\/em>a (Ps 99) za mo\u0161ki zbor a cappella<\/span><\/p>\n<p><span style=\"font-family: Verdana, sans-serif;\">Damijan Mo\u010dnik, <em>Verbum supernum prodiens<\/em> za me\u0161ani\/mladinski zbor a cappella<\/span><\/p>\n<p><span style=\"font-family: Verdana, sans-serif;\">Damijan Mo\u010dnik, <em>Finale<\/em> za orgle<\/span><\/p>\n<p><span style=\"font-family: Verdana, sans-serif;\">Jo\u017ee Tro\u0161t, <em>Preludij I <\/em>za orgle <\/span><\/p>\n<p><span style=\"font-family: Verdana, sans-serif;\"><span style=\"font-size: x-small;\">V zbirki je objavljen razpis in izid nate\u010daja ter predstavitve skladateljev.<\/span><\/span><\/p>\n<p><span style=\"font-family: Verdana, sans-serif;\"><span style=\"font-size: x-small;\">Skladbe so bile prvi\u010d izvedene na koncertu 1. sre\u010danja slovenskih cerkvenih glasbenikov, 29. novembra 1997 v Ljubljani.<\/span><\/span><\/p>\n<p><span style=\"font-family: Verdana, sans-serif;\"><span style=\"font-size: x-small;\">* Skladbo je kasneje izdala tudi zalo\u017eba <\/span><span style=\"font-size: x-small;\"><em>Carus Verlag<\/em><\/span><span style=\"font-size: x-small;\"> iz Stuttgarta. Prvi natis je dostopen v zadostnem \u0161tevilu izvodov za izvajalce, zato je misel na nezakonito fotokopiranje odve\u010d.<\/span><\/span><\/p>\n<p><span style=\"font-family: Verdana, sans-serif;\"><span style=\"font-size: x-small;\"><br \/>\n<\/span><\/span><\/p>\n<p><span style=\"font-family: Verdana, sans-serif;\"><span style=\"font-size: small;\"><strong>Vse tri zbirke so za izvajalce brezpla\u010dno dostopne v zadostnem \u0161tevilu. <strong>Sku\u0161njava po nezakonitem fotokopiranju ni potrebna. <\/strong>Skladbe III. nate\u010daja so brezpla\u010dno v zadostnem \u0161tevilu dostopne tudi posamezno.<\/strong><\/span><\/span><\/p>\n","protected":false},"excerpt":{"rendered":"<p>Vabilo Zdru\u017eenje cerkvenih pevskih zborov \u2013 Gorica pripravlja integralno izdajo skladb Emila Komela. Pri zbiranju gradiva ra\u010dunajo na na\u0161e sodelovanje in pomo\u010d. V prilogi podrobno o na\u010drtu in kako pri njem koristno in ustvarjalno sodelovati. Sodelujo\u010de \u010dlanice in \u010dlane prosimo, da o najdbah Komelovih skladb v svojem okolju in stikih z izdajateljem v Gorici obvestijo [&hellip;]<\/p>\n","protected":false},"author":1,"featured_media":0,"parent":65,"menu_order":0,"comment_status":"closed","ping_status":"closed","template":"","meta":[],"_links":{"self":[{"href":"https:\/\/www.scd.si\/slo\/wp-json\/wp\/v2\/pages\/84"}],"collection":[{"href":"https:\/\/www.scd.si\/slo\/wp-json\/wp\/v2\/pages"}],"about":[{"href":"https:\/\/www.scd.si\/slo\/wp-json\/wp\/v2\/types\/page"}],"author":[{"embeddable":true,"href":"https:\/\/www.scd.si\/slo\/wp-json\/wp\/v2\/users\/1"}],"replies":[{"embeddable":true,"href":"https:\/\/www.scd.si\/slo\/wp-json\/wp\/v2\/comments?post=84"}],"version-history":[{"count":11,"href":"https:\/\/www.scd.si\/slo\/wp-json\/wp\/v2\/pages\/84\/revisions"}],"predecessor-version":[{"id":956,"href":"https:\/\/www.scd.si\/slo\/wp-json\/wp\/v2\/pages\/84\/revisions\/956"}],"up":[{"embeddable":true,"href":"https:\/\/www.scd.si\/slo\/wp-json\/wp\/v2\/pages\/65"}],"wp:attachment":[{"href":"https:\/\/www.scd.si\/slo\/wp-json\/wp\/v2\/media?parent=84"}],"curies":[{"name":"wp","href":"https:\/\/api.w.org\/{rel}","templated":true}]}}