{"id":89,"date":"2009-03-01T14:51:09","date_gmt":"2009-03-01T13:51:09","guid":{"rendered":"http:\/\/www.scd.si\/slo\/?page_id=89"},"modified":"2010-03-14T15:24:17","modified_gmt":"2010-03-14T14:24:17","slug":"sodelovanje-s-cerkvijo","status":"publish","type":"page","link":"https:\/\/www.scd.si\/slo\/sodelovanje-s-cerkvijo","title":{"rendered":"Sodelovanje"},"content":{"rendered":"<h2>Odbor za glasbo pri Slovenski liturgi\u010dni komisiji<\/h2>\n<h4>Posvet Odbora za glasbo pri Slovenski liturgi\u010dni komisiji, Odborov za glasbo slovenskih \u0161kofij, vodij slovenskih orgelskih \u0161ol in predstavnikov Slovenskega Cecilijinega dru\u0161tva<\/h4>\n<p>Na pobudo\u00a0<em>Slovenskega Cecilijinega dru\u0161tva<\/em> in v dogovoru z\u00a0<em>Odborom za glasbo pri Slovenski liturgi\u010dni komisiji<\/em> je bil v \u010detrtek 4. marca v \u017dupniji Ljubljana \u2013 Sto\u017eice posvet \u010dlanov Odbora za glasbo pri Slovenski liturgi\u010dni komisiji, \u010dlanov Odborov za glasbo vseh slovenskih \u0161kofij, vodij slovenskih orgelskih \u0161ol in predstavnikov Slovenskega Cecilijinega dru\u0161tva. Vsebina sestanka je bila: \u010dasovna koordinacija in urnik skupnih slovenskih ali \u0161kofijskih neliturgi\u010dnih cerkvenoglasbenih prireditev, razvoj in vsebina in razvoj Festivala slovenske cerkvene glasbe, pravilnik za podelitev priznanjih slovenskim cerkvenim glasbenikom, delovanje in programi slovenskih orglarskih \u0161ol, organizacijska povezanost slovenske cerkvene glasbe s Slovensko \u0161kofovsko konferenco. Prihodnja seja je na\u010drtovana za pomlad 2010. S povzetkom razprave, s sklepi sestanka in njihovim uresni\u010devanjem Vas bomo seznanili tudi na na\u0161i spletni strani.<\/p>\n<p><strong>Odbori za glasbo slovenskih \u0161kofij<\/strong><\/p>\n<p>\u0160e pi\u0161emo &#8230;<\/p>\n","protected":false},"excerpt":{"rendered":"<p>Odbor za glasbo pri Slovenski liturgi\u010dni komisiji Posvet Odbora za glasbo pri Slovenski liturgi\u010dni komisiji, Odborov za glasbo slovenskih \u0161kofij, vodij slovenskih orgelskih \u0161ol in predstavnikov Slovenskega Cecilijinega dru\u0161tva Na pobudo\u00a0Slovenskega Cecilijinega dru\u0161tva in v dogovoru z\u00a0Odborom za glasbo pri Slovenski liturgi\u010dni komisiji je bil v \u010detrtek 4. marca v \u017dupniji Ljubljana \u2013 Sto\u017eice posvet [&hellip;]<\/p>\n","protected":false},"author":1,"featured_media":0,"parent":0,"menu_order":14,"comment_status":"closed","ping_status":"closed","template":"","meta":[],"_links":{"self":[{"href":"https:\/\/www.scd.si\/slo\/wp-json\/wp\/v2\/pages\/89"}],"collection":[{"href":"https:\/\/www.scd.si\/slo\/wp-json\/wp\/v2\/pages"}],"about":[{"href":"https:\/\/www.scd.si\/slo\/wp-json\/wp\/v2\/types\/page"}],"author":[{"embeddable":true,"href":"https:\/\/www.scd.si\/slo\/wp-json\/wp\/v2\/users\/1"}],"replies":[{"embeddable":true,"href":"https:\/\/www.scd.si\/slo\/wp-json\/wp\/v2\/comments?post=89"}],"version-history":[{"count":12,"href":"https:\/\/www.scd.si\/slo\/wp-json\/wp\/v2\/pages\/89\/revisions"}],"predecessor-version":[{"id":324,"href":"https:\/\/www.scd.si\/slo\/wp-json\/wp\/v2\/pages\/89\/revisions\/324"}],"wp:attachment":[{"href":"https:\/\/www.scd.si\/slo\/wp-json\/wp\/v2\/media?parent=89"}],"curies":[{"name":"wp","href":"https:\/\/api.w.org\/{rel}","templated":true}]}}